{"id":92,"date":"2020-04-24T01:36:38","date_gmt":"2020-04-23T23:36:38","guid":{"rendered":"http:\/\/franz.usfx.bo\/wordpress\/?page_id=9"},"modified":"2024-06-25T16:15:47","modified_gmt":"2024-06-25T12:15:47","slug":"acerca-de","status":"publish","type":"page","link":"https:\/\/gotitarojabolivia.org.bo\/?page_id=92","title":{"rendered":"Qui\u00e9nes Somos"},"content":{"rendered":"\t\t<div data-elementor-type=\"wp-page\" data-elementor-id=\"92\" class=\"elementor elementor-92\">\n\t\t\t\t\t\t\t\t\t<section class=\"elementor-section elementor-top-section elementor-element elementor-element-220f963d elementor-section-full_width elementor-section-content-middle elementor-section-height-default elementor-section-height-default\" data-id=\"220f963d\" data-element_type=\"section\" data-settings=\"{&quot;background_background&quot;:&quot;slideshow&quot;,&quot;background_slideshow_gallery&quot;:[{&quot;id&quot;:86,&quot;url&quot;:&quot;http:\\\/\\\/www.gotitarojabolivia.org.bo\\\/wp-content\\\/uploads\\\/2020\\\/04\\\/contactos.jpg&quot;},{&quot;id&quot;:758,&quot;url&quot;:&quot;http:\\\/\\\/www.gotitarojabolivia.org.bo\\\/wp-content\\\/uploads\\\/2020\\\/05\\\/Imagen1.jpg&quot;},{&quot;id&quot;:759,&quot;url&quot;:&quot;http:\\\/\\\/www.gotitarojabolivia.org.bo\\\/wp-content\\\/uploads\\\/2020\\\/05\\\/imagen2.jpg&quot;}],&quot;background_slideshow_slide_transition&quot;:&quot;slide_left&quot;,&quot;background_slideshow_loop&quot;:&quot;yes&quot;,&quot;background_slideshow_slide_duration&quot;:5000,&quot;background_slideshow_transition_duration&quot;:500}\">\n\t\t\t\t\t\t\t<div class=\"elementor-background-overlay\"><\/div>\n\t\t\t\t\t\t\t<div class=\"elementor-container elementor-column-gap-default\">\n\t\t\t\t\t<div class=\"elementor-column elementor-col-100 elementor-top-column elementor-element elementor-element-6b7eaaa7\" data-id=\"6b7eaaa7\" data-element_type=\"column\">\n\t\t\t<div class=\"elementor-widget-wrap elementor-element-populated\">\n\t\t\t\t\t\t\t\t<div class=\"elementor-element elementor-element-6fc443de intro-text elementor-widget elementor-widget-heading\" data-id=\"6fc443de\" data-element_type=\"widget\" data-widget_type=\"heading.default\">\n\t\t\t\t<div class=\"elementor-widget-container\">\n\t\t\t<h1 class=\"elementor-heading-title elementor-size-default\">Familia Gotita Roja<\/h1>\t\t<\/div>\n\t\t\t\t<\/div>\n\t\t\t\t<div class=\"elementor-element elementor-element-18773482 elementor-align-center elementor-mobile-align-center elementor-widget elementor-widget-button\" data-id=\"18773482\" data-element_type=\"widget\" data-widget_type=\"button.default\">\n\t\t\t\t<div class=\"elementor-widget-container\">\n\t\t\t\t\t<div class=\"elementor-button-wrapper\">\n\t\t\t<a class=\"elementor-button elementor-button-link elementor-size-md elementor-animation-pulse-grow\" href=\"https:\/\/gotitarojabolivia.org.bo\/?page_id=469\">\n\t\t\t\t\t\t<span class=\"elementor-button-content-wrapper\">\n\t\t\t\t\t\t<span class=\"elementor-button-icon elementor-align-icon-right\">\n\t\t\t\t<i aria-hidden=\"true\" class=\"fas fa-caret-right\"><\/i>\t\t\t<\/span>\n\t\t\t\t\t\t<span class=\"elementor-button-text\">DONAR<\/span>\n\t\t<\/span>\n\t\t\t\t\t<\/a>\n\t\t<\/div>\n\t\t\t\t<\/div>\n\t\t\t\t<\/div>\n\t\t\t\t\t<\/div>\n\t\t<\/div>\n\t\t\t\t\t\t\t<\/div>\n\t\t<\/section>\n\t\t\t\t<section class=\"elementor-section elementor-top-section elementor-element elementor-element-cb00ae4 elementor-section-boxed elementor-section-height-default elementor-section-height-default\" data-id=\"cb00ae4\" data-element_type=\"section\">\n\t\t\t\t\t\t<div class=\"elementor-container elementor-column-gap-default\">\n\t\t\t\t\t<div class=\"elementor-column elementor-col-100 elementor-top-column elementor-element elementor-element-259370e\" data-id=\"259370e\" data-element_type=\"column\">\n\t\t\t<div class=\"elementor-widget-wrap elementor-element-populated\">\n\t\t\t\t\t\t\t\t<div class=\"elementor-element elementor-element-fab0d73 elementor-widget elementor-widget-menu-anchor\" data-id=\"fab0d73\" data-element_type=\"widget\" data-widget_type=\"menu-anchor.default\">\n\t\t\t\t<div class=\"elementor-widget-container\">\n\t\t\t\t\t<div id=\"indice\" class=\"elementor-menu-anchor\"><\/div>\n\t\t\t\t<\/div>\n\t\t\t\t<\/div>\n\t\t\t\t<div class=\"elementor-element elementor-element-cc8ef80 elementor-widget elementor-widget-heading\" data-id=\"cc8ef80\" data-element_type=\"widget\" data-widget_type=\"heading.default\">\n\t\t\t\t<div class=\"elementor-widget-container\">\n\t\t\t<h1 class=\"elementor-heading-title elementor-size-default\">\u00bfQui\u00e9nes Somos?<\/h1>\t\t<\/div>\n\t\t\t\t<\/div>\n\t\t\t\t<div class=\"elementor-element elementor-element-9aae14f elementor-widget elementor-widget-text-editor\" data-id=\"9aae14f\" data-element_type=\"widget\" data-widget_type=\"text-editor.default\">\n\t\t\t\t<div class=\"elementor-widget-container\">\n\t\t\t\t\t\t\t<p style=\"text-align: center;\"><strong>Gotita Roja-Bolivia es una asociaci\u00f3n ben\u00e9fica, sin fines de lucro, que act\u00faa desde 2010, apoyando las necesidades que tienen los pacientes del Instituto Oncol\u00f3gico del Oriente Boliviano (*)\u00a0 en la ciudad de Santa Cruz.<\/strong><\/p>\t\t\t\t\t\t<\/div>\n\t\t\t\t<\/div>\n\t\t\t\t\t<\/div>\n\t\t<\/div>\n\t\t\t\t\t\t\t<\/div>\n\t\t<\/section>\n\t\t\t\t<section class=\"elementor-section elementor-top-section elementor-element elementor-element-ccb6098 elementor-section-boxed elementor-section-height-default elementor-section-height-default\" data-id=\"ccb6098\" data-element_type=\"section\">\n\t\t\t\t\t\t<div class=\"elementor-container elementor-column-gap-default\">\n\t\t\t\t\t<div class=\"elementor-column elementor-col-100 elementor-top-column elementor-element elementor-element-b4ea992\" data-id=\"b4ea992\" data-element_type=\"column\">\n\t\t\t<div class=\"elementor-widget-wrap elementor-element-populated\">\n\t\t\t\t\t\t\t\t<div class=\"elementor-element elementor-element-57fe9e7 elementor-widget elementor-widget-text-editor\" data-id=\"57fe9e7\" data-element_type=\"widget\" data-widget_type=\"text-editor.default\">\n\t\t\t\t<div class=\"elementor-widget-container\">\n\t\t\t\t\t\t\t<p>El\u00a0 elevado costo que tiene el tratamiento contra el\u00a0 c\u00e1ncer, la falta de seguros sociales p\u00fablicos que cubran en gran medida el tratamiento, dirigidos a una poblaci\u00f3n menos favorecida econ\u00f3micamente,\u00a0 hace que los pacientes del Instituto Oncol\u00f3gico se vean en la necesidad de abandonar el tratamiento, o ingresar a una lucha constante por conseguir recursos financieros.<\/p><p><strong>Frente a este panorama, Gotita Roja-Bolivia desempe\u00f1a un importante rol junto a los pacientes de c\u00e1ncer y sus familiares. Tanto en la disposici\u00f3n de estudios y medicamentos de quimioterapia para los pacientes, como tambi\u00e9n, el apoyo a las madres\/padres de los mismos, a trav\u00e9s de proyectos de auto sustento y terapia ocupacional, as\u00ed como din\u00e1micas en grupo y charlas informativas enfocadas en salud y bien estar de la familia.<\/strong><\/p><p><strong>La Asociaci\u00f3n Gotita Roja, con personer\u00eda jur\u00eddica desde 2016, es financiada por donaciones privadas y corporativas, ingresos de eventos y cuotas de los miembros. No tiene ning\u00fan fin comercial y los voluntarios no\u00a0 son remunerados.<\/strong><\/p><p><span style=\"font-size: small;\">(*) El instituto recibe anualmente 2000 pacientes de todo Bolivia, es el \u00fanico hospital oncol\u00f3gico publico a nivel nacional.<\/span><\/p>\t\t\t\t\t\t<\/div>\n\t\t\t\t<\/div>\n\t\t\t\t\t<\/div>\n\t\t<\/div>\n\t\t\t\t\t\t\t<\/div>\n\t\t<\/section>\n\t\t\t\t<section class=\"elementor-section elementor-top-section elementor-element elementor-element-dd83e26 elementor-section-boxed elementor-section-height-default elementor-section-height-default\" data-id=\"dd83e26\" data-element_type=\"section\">\n\t\t\t\t\t\t<div class=\"elementor-container elementor-column-gap-default\">\n\t\t\t\t\t<div class=\"elementor-column elementor-col-100 elementor-top-column elementor-element elementor-element-3e842ac\" data-id=\"3e842ac\" data-element_type=\"column\">\n\t\t\t<div class=\"elementor-widget-wrap elementor-element-populated\">\n\t\t\t\t\t\t\t\t<div class=\"elementor-element elementor-element-a8aaac1 elementor-widget elementor-widget-heading\" data-id=\"a8aaac1\" data-element_type=\"widget\" data-widget_type=\"heading.default\">\n\t\t\t\t<div class=\"elementor-widget-container\">\n\t\t\t<h2 class=\"elementor-heading-title elementor-size-default\">Principios<\/h2>\t\t<\/div>\n\t\t\t\t<\/div>\n\t\t\t\t<div class=\"elementor-element elementor-element-a87d011 elementor-widget elementor-widget-text-editor\" data-id=\"a87d011\" data-element_type=\"widget\" data-widget_type=\"text-editor.default\">\n\t\t\t\t<div class=\"elementor-widget-container\">\n\t\t\t\t\t\t\t<p>Como Principio fundamental, Gotita Roja prioriza la dignidad del ser humano, independientemente de su raza, g\u00e9nero, religi\u00f3n o situaci\u00f3n social.<\/p><p>Gotita Roja cree en el crecimiento integral (salud, espiritual, profesional, social) de cada persona. A partir de los cuidados y de las oportunidades que le son dadas. Cree tambi\u00e9n que solamente a trav\u00e9s de un trabajo en conjunto entre Asociaci\u00f3n y Comunidad es posible ofrecer a las familias tal oportunidad de crecimiento y sostenibilidad a lo largo del tiempo.<\/p><p>Gotita Roja entiende que los protagonistas de los proyectos son las personas menos favorecidas econ\u00f3micamente, donde el trabajo voluntario esta canalizado para atender las necesidades de las familias, sin ninguna pretensi\u00f3n pol\u00edtica, comercial o de autopromoci\u00f3n.<\/p><p>Gotita Roja es una organizaci\u00f3n sin fines de lucro, que tiene como prioridad hacer un respaldo de forma muy transparente, de los proyectos y recursos financieros aplicados en ellos. As\u00ed garantizamos que las donaciones lleguen a las personas como sea posible en su totalidad.<\/p>\t\t\t\t\t\t<\/div>\n\t\t\t\t<\/div>\n\t\t\t\t\t<\/div>\n\t\t<\/div>\n\t\t\t\t\t\t\t<\/div>\n\t\t<\/section>\n\t\t\t\t<section class=\"elementor-section elementor-top-section elementor-element elementor-element-1a02634 elementor-section-boxed elementor-section-height-default elementor-section-height-default\" data-id=\"1a02634\" data-element_type=\"section\">\n\t\t\t\t\t\t<div class=\"elementor-container elementor-column-gap-default\">\n\t\t\t\t\t<div class=\"elementor-column elementor-col-100 elementor-top-column elementor-element elementor-element-0c2e1f9\" data-id=\"0c2e1f9\" data-element_type=\"column\">\n\t\t\t<div class=\"elementor-widget-wrap elementor-element-populated\">\n\t\t\t\t\t\t\t\t<div class=\"elementor-element elementor-element-5346fcf elementor-widget elementor-widget-heading\" data-id=\"5346fcf\" data-element_type=\"widget\" data-widget_type=\"heading.default\">\n\t\t\t\t<div class=\"elementor-widget-container\">\n\t\t\t<h2 class=\"elementor-heading-title elementor-size-default\">Prop\u00f3sito<\/h2>\t\t<\/div>\n\t\t\t\t<\/div>\n\t\t\t\t<div class=\"elementor-element elementor-element-e53d35d elementor-widget elementor-widget-text-editor\" data-id=\"e53d35d\" data-element_type=\"widget\" data-widget_type=\"text-editor.default\">\n\t\t\t\t<div class=\"elementor-widget-container\">\n\t\t\t\t\t\t\t<p>Gotita Roja-Bolivia tiene como objetivo principal ayudar a los menos favorecidos con asistencia social, financiera y material. Tiene como prioridad los aspectos relacionados a la salud, el bienestar y crecimiento personal de las personas con menos oportunidades.<\/p><p>Por un lado, busca proporcionar herramientas que posibiliten a estas personas, y consecuentemente a sus familias, un desarrollo de forma digna, Siendo as\u00ed, tiene como objetivos secundarios:<\/p><ul><li>Apoyar con recursos financieros a tratamientos de salud;<\/li><li>Apoyar con soporte psicol\u00f3gico a las personas enfermas y sus familiares;<\/li><li>Fomentar el aprendizaje de nuevos oficios;<\/li><li>Promover talleres de capacitaci\u00f3n en diferentes \u00e1reas;<\/li><li>Estimular el autosustento, ayudar en la log\u00edstica, divulgaci\u00f3n y promoci\u00f3n de los trabajos desarrollados en los talleres;<\/li><li>Promover din\u00e1micas y charlas informativas;<\/li><li>Estimular la conciencia ciudadana.<\/li><\/ul><p>Por otro lado, el trabajo de Gotita Roja-Bolivia tambi\u00e9n est\u00e1 enfocado en fortalecer\u00a0las estructuras sociales de apoyo, por medio de una mejor integraci\u00f3n de la sociedad a trav\u00e9s de trabajos comunitarios y solidarios. Entre los objetivos secundarios, se destaca la tarea de\u00a0 motivar a personas, principalmente las nuevas generaciones, para el\u00a0 trabajo voluntario. Despertar en ellas la conciencia de las necesidades del colectivo.<\/p>\t\t\t\t\t\t<\/div>\n\t\t\t\t<\/div>\n\t\t\t\t<div class=\"elementor-element elementor-element-8149e41 elementor-widget elementor-widget-heading\" data-id=\"8149e41\" data-element_type=\"widget\" data-widget_type=\"heading.default\">\n\t\t\t\t<div class=\"elementor-widget-container\">\n\t\t\t<h2 class=\"elementor-heading-title elementor-size-default\">Cronolog\u00eda<\/h2>\t\t<\/div>\n\t\t\t\t<\/div>\n\t\t\t\t\t<\/div>\n\t\t<\/div>\n\t\t\t\t\t\t\t<\/div>\n\t\t<\/section>\n\t\t\t\t<section class=\"elementor-section elementor-top-section elementor-element elementor-element-0ce5ee0 elementor-section-boxed elementor-section-height-default elementor-section-height-default\" data-id=\"0ce5ee0\" data-element_type=\"section\">\n\t\t\t\t\t\t<div class=\"elementor-container elementor-column-gap-default\">\n\t\t\t\t\t<div class=\"elementor-column elementor-col-100 elementor-top-column elementor-element elementor-element-38f3e0a\" data-id=\"38f3e0a\" data-element_type=\"column\" data-settings=\"{&quot;background_background&quot;:&quot;classic&quot;}\">\n\t\t\t<div class=\"elementor-widget-wrap elementor-element-populated\">\n\t\t\t\t\t\t\t\t<div class=\"elementor-element elementor-element-38b5a37 elementor-widget elementor-widget-image\" data-id=\"38b5a37\" data-element_type=\"widget\" data-widget_type=\"image.default\">\n\t\t\t\t<div class=\"elementor-widget-container\">\n\t\t\t\t\t\t\t\t\t\t\t\t\t\t\t<img loading=\"lazy\" decoding=\"async\" width=\"1024\" height=\"590\" src=\"https:\/\/i0.wp.com\/gotitarojabolivia.org.bo\/wp-content\/uploads\/2021\/07\/quienesSomos1.jpg?fit=1024%2C590&amp;ssl=1\" class=\"attachment-large size-large wp-image-6410\" alt=\"\" srcset=\"https:\/\/i0.wp.com\/gotitarojabolivia.org.bo\/wp-content\/uploads\/2021\/07\/quienesSomos1.jpg?w=1341&amp;ssl=1 1341w, https:\/\/i0.wp.com\/gotitarojabolivia.org.bo\/wp-content\/uploads\/2021\/07\/quienesSomos1.jpg?resize=300%2C173&amp;ssl=1 300w, https:\/\/i0.wp.com\/gotitarojabolivia.org.bo\/wp-content\/uploads\/2021\/07\/quienesSomos1.jpg?resize=1024%2C590&amp;ssl=1 1024w, https:\/\/i0.wp.com\/gotitarojabolivia.org.bo\/wp-content\/uploads\/2021\/07\/quienesSomos1.jpg?resize=768%2C442&amp;ssl=1 768w, https:\/\/i0.wp.com\/gotitarojabolivia.org.bo\/wp-content\/uploads\/2021\/07\/quienesSomos1.jpg?resize=1320%2C760&amp;ssl=1 1320w, https:\/\/i0.wp.com\/gotitarojabolivia.org.bo\/wp-content\/uploads\/2021\/07\/quienesSomos1.jpg?resize=600%2C345&amp;ssl=1 600w\" sizes=\"auto, (max-width: 1024px) 100vw, 1024px\" \/>\t\t\t\t\t\t\t\t\t\t\t\t\t\t\t<\/div>\n\t\t\t\t<\/div>\n\t\t\t\t\t<\/div>\n\t\t<\/div>\n\t\t\t\t\t\t\t<\/div>\n\t\t<\/section>\n\t\t\t\t<section class=\"elementor-section elementor-top-section elementor-element elementor-element-c61888a elementor-section-boxed elementor-section-height-default elementor-section-height-default\" data-id=\"c61888a\" data-element_type=\"section\">\n\t\t\t\t\t\t<div class=\"elementor-container elementor-column-gap-default\">\n\t\t\t\t\t<div class=\"elementor-column elementor-col-100 elementor-top-column elementor-element elementor-element-5de21e9\" data-id=\"5de21e9\" data-element_type=\"column\">\n\t\t\t<div class=\"elementor-widget-wrap elementor-element-populated\">\n\t\t\t\t\t\t\t\t<div class=\"elementor-element elementor-element-872033f elementor-widget elementor-widget-heading\" data-id=\"872033f\" data-element_type=\"widget\" data-widget_type=\"heading.default\">\n\t\t\t\t<div class=\"elementor-widget-container\">\n\t\t\t<h2 class=\"elementor-heading-title elementor-size-default\">2010<\/h2>\t\t<\/div>\n\t\t\t\t<\/div>\n\t\t\t\t<div class=\"elementor-element elementor-element-4af3356 elementor-widget elementor-widget-accordion\" data-id=\"4af3356\" data-element_type=\"widget\" data-widget_type=\"accordion.default\">\n\t\t\t\t<div class=\"elementor-widget-container\">\n\t\t\t\t\t<div class=\"elementor-accordion\">\n\t\t\t\t\t\t\t<div class=\"elementor-accordion-item\">\n\t\t\t\t\t<div id=\"elementor-tab-title-7851\" class=\"elementor-tab-title\" data-tab=\"1\" role=\"button\" aria-controls=\"elementor-tab-content-7851\" aria-expanded=\"false\">\n\t\t\t\t\t\t\t\t\t\t\t\t\t<span class=\"elementor-accordion-icon elementor-accordion-icon-left\" aria-hidden=\"true\">\n\t\t\t\t\t\t\t\t\t\t\t\t\t\t\t<span class=\"elementor-accordion-icon-closed\"><i class=\"fas fa-caret-down\"><\/i><\/span>\n\t\t\t\t\t\t\t\t<span class=\"elementor-accordion-icon-opened\"><i class=\"fas fa-minus\"><\/i><\/span>\n\t\t\t\t\t\t\t\t\t\t\t\t\t\t<\/span>\n\t\t\t\t\t\t\t\t\t\t\t\t<a class=\"elementor-accordion-title\" tabindex=\"0\">Fundaci\u00f3n de Gotita Roja en la cuidad de Winterthur \u2013 Suiza<\/a>\n\t\t\t\t\t<\/div>\n\t\t\t\t\t<div id=\"elementor-tab-content-7851\" class=\"elementor-tab-content elementor-clearfix\" data-tab=\"1\" role=\"region\" aria-labelledby=\"elementor-tab-title-7851\"><p>La iniciativa de fundar\u00a0 Gotita Roja, provino de dos j\u00f3venes suizas, Alejandra Zamuner y Caroline St\u00fcckelberger, que trabajaron como voluntarias en el Instituto Oncol\u00f3gico del Oriente Boliviano de Santa Cruz de la Sierra, Bolivia.<\/p><p>Gotita Roja fundada legalmente en Suiza el 8 de octubre como Verein Roter Tropfen \u2013 Gotita Roja-Suiza, es una asociaci\u00f3n que hasta hoy se mantiene en ese pa\u00eds, compuesta por j\u00f3venes voluntarios enfocados en apoyar a proyectos sociales en Bolivia y Colombia.<\/p><\/div>\n\t\t\t\t<\/div>\n\t\t\t\t\t\t\t<div class=\"elementor-accordion-item\">\n\t\t\t\t\t<div id=\"elementor-tab-title-7852\" class=\"elementor-tab-title\" data-tab=\"2\" role=\"button\" aria-controls=\"elementor-tab-content-7852\" aria-expanded=\"false\">\n\t\t\t\t\t\t\t\t\t\t\t\t\t<span class=\"elementor-accordion-icon elementor-accordion-icon-left\" aria-hidden=\"true\">\n\t\t\t\t\t\t\t\t\t\t\t\t\t\t\t<span class=\"elementor-accordion-icon-closed\"><i class=\"fas fa-caret-down\"><\/i><\/span>\n\t\t\t\t\t\t\t\t<span class=\"elementor-accordion-icon-opened\"><i class=\"fas fa-minus\"><\/i><\/span>\n\t\t\t\t\t\t\t\t\t\t\t\t\t\t<\/span>\n\t\t\t\t\t\t\t\t\t\t\t\t<a class=\"elementor-accordion-title\" tabindex=\"0\">El nombre \u201cGotita Roja\u201d(Verein Roter Tropfen en alem\u00e1n)<\/a>\n\t\t\t\t\t<\/div>\n\t\t\t\t\t<div id=\"elementor-tab-content-7852\" class=\"elementor-tab-content elementor-clearfix\" data-tab=\"2\" role=\"region\" aria-labelledby=\"elementor-tab-title-7852\"><p>El nombre de la Asociaci\u00f3n en Suiza, retrata\u00a0 la primera donaci\u00f3n hecha por la instituci\u00f3n. Las voluntarias en Bolivia, durante su trabajo en pediatr\u00eda, se dieron cuenta que la obtenci\u00f3n de sangre para los ni\u00f1os con c\u00e1ncer, exced\u00eda los recursos financieros de muchos padres, de manera que las transfusiones de sangre se realizaban tarde. El enfrentarse diariamente con esta necesidad las motiv\u00f3 a movilizar a sus amigos desde Bolivia para recolectar fondos con una reuni\u00f3n de amigos en pro de la causa.<\/p><\/div>\n\t\t\t\t<\/div>\n\t\t\t\t\t\t\t<div class=\"elementor-accordion-item\">\n\t\t\t\t\t<div id=\"elementor-tab-title-7853\" class=\"elementor-tab-title\" data-tab=\"3\" role=\"button\" aria-controls=\"elementor-tab-content-7853\" aria-expanded=\"false\">\n\t\t\t\t\t\t\t\t\t\t\t\t\t<span class=\"elementor-accordion-icon elementor-accordion-icon-left\" aria-hidden=\"true\">\n\t\t\t\t\t\t\t\t\t\t\t\t\t\t\t<span class=\"elementor-accordion-icon-closed\"><i class=\"fas fa-caret-down\"><\/i><\/span>\n\t\t\t\t\t\t\t\t<span class=\"elementor-accordion-icon-opened\"><i class=\"fas fa-minus\"><\/i><\/span>\n\t\t\t\t\t\t\t\t\t\t\t\t\t\t<\/span>\n\t\t\t\t\t\t\t\t\t\t\t\t<a class=\"elementor-accordion-title\" tabindex=\"0\">Proyecto \u201cPlaquetas\u201d<\/a>\n\t\t\t\t\t<\/div>\n\t\t\t\t\t<div id=\"elementor-tab-content-7853\" class=\"elementor-tab-content elementor-clearfix\" data-tab=\"3\" role=\"region\" aria-labelledby=\"elementor-tab-title-7853\"><p>En el mismo a\u00f1o se inicia el \u201cProyecto Plaquetas\u201d con el apoyo de la voluntaria activa en Bolivia, Ver\u00f3nica Medina, quien se encarga de brindar el apoyo necesario a los pacientes de pediatr\u00eda y hacer entrega de las donaciones que llegaban. El proyecto consist\u00eda en la recaudaci\u00f3n de fondos en Suiza para la obtenci\u00f3n de sangre, plaquetas y hemo componentes, para los pacientes del Instituto Oncol\u00f3gico en Bolivia. Este proyecto concluye en noviembre del a\u00f1o 2014, cuando la Gobernaci\u00f3n de Santa Cruz, se hace cargo de este costo para pacientes adultos y de pediatr\u00eda.<\/p><\/div>\n\t\t\t\t<\/div>\n\t\t\t\t\t\t\t\t<\/div>\n\t\t\t\t<\/div>\n\t\t\t\t<\/div>\n\t\t\t\t<div class=\"elementor-element elementor-element-dd3ff25 elementor-widget elementor-widget-heading\" data-id=\"dd3ff25\" data-element_type=\"widget\" data-widget_type=\"heading.default\">\n\t\t\t\t<div class=\"elementor-widget-container\">\n\t\t\t<h4 class=\"elementor-heading-title elementor-size-default\">2011<\/h4>\t\t<\/div>\n\t\t\t\t<\/div>\n\t\t\t\t<div class=\"elementor-element elementor-element-b14a166 elementor-widget elementor-widget-accordion\" data-id=\"b14a166\" data-element_type=\"widget\" data-widget_type=\"accordion.default\">\n\t\t\t\t<div class=\"elementor-widget-container\">\n\t\t\t\t\t<div class=\"elementor-accordion\">\n\t\t\t\t\t\t\t<div class=\"elementor-accordion-item\">\n\t\t\t\t\t<div id=\"elementor-tab-title-1851\" class=\"elementor-tab-title\" data-tab=\"1\" role=\"button\" aria-controls=\"elementor-tab-content-1851\" aria-expanded=\"false\">\n\t\t\t\t\t\t\t\t\t\t\t\t\t<span class=\"elementor-accordion-icon elementor-accordion-icon-left\" aria-hidden=\"true\">\n\t\t\t\t\t\t\t\t\t\t\t\t\t\t\t<span class=\"elementor-accordion-icon-closed\"><i class=\"fas fa-angle-down\"><\/i><\/span>\n\t\t\t\t\t\t\t\t<span class=\"elementor-accordion-icon-opened\"><i class=\"fas fa-minus\"><\/i><\/span>\n\t\t\t\t\t\t\t\t\t\t\t\t\t\t<\/span>\n\t\t\t\t\t\t\t\t\t\t\t\t<a class=\"elementor-accordion-title\" tabindex=\"0\">Primeros Pasos \u2013 En equipo con la Fundaci\u00f3n AFANIC - Bolivia<\/a>\n\t\t\t\t\t<\/div>\n\t\t\t\t\t<div id=\"elementor-tab-content-1851\" class=\"elementor-tab-content elementor-clearfix\" data-tab=\"1\" role=\"region\" aria-labelledby=\"elementor-tab-title-1851\"><p>Este a\u00f1o se consolida el trabajo del proyecto plaquetas en conjunto con la fundaci\u00f3n AFANIC &#8211; Bolivia<\/p><\/div>\n\t\t\t\t<\/div>\n\t\t\t\t\t\t\t\t<\/div>\n\t\t\t\t<\/div>\n\t\t\t\t<\/div>\n\t\t\t\t<div class=\"elementor-element elementor-element-a159052 elementor-widget elementor-widget-heading\" data-id=\"a159052\" data-element_type=\"widget\" data-widget_type=\"heading.default\">\n\t\t\t\t<div class=\"elementor-widget-container\">\n\t\t\t<h4 class=\"elementor-heading-title elementor-size-default\">2012 - 2013<\/h4>\t\t<\/div>\n\t\t\t\t<\/div>\n\t\t\t\t<div class=\"elementor-element elementor-element-ff52cbe elementor-widget elementor-widget-accordion\" data-id=\"ff52cbe\" data-element_type=\"widget\" data-widget_type=\"accordion.default\">\n\t\t\t\t<div class=\"elementor-widget-container\">\n\t\t\t\t\t<div class=\"elementor-accordion\">\n\t\t\t\t\t\t\t<div class=\"elementor-accordion-item\">\n\t\t\t\t\t<div id=\"elementor-tab-title-2671\" class=\"elementor-tab-title\" data-tab=\"1\" role=\"button\" aria-controls=\"elementor-tab-content-2671\" aria-expanded=\"false\">\n\t\t\t\t\t\t\t\t\t\t\t\t\t<span class=\"elementor-accordion-icon elementor-accordion-icon-left\" aria-hidden=\"true\">\n\t\t\t\t\t\t\t\t\t\t\t\t\t\t\t<span class=\"elementor-accordion-icon-closed\"><i class=\"fas fa-angle-down\"><\/i><\/span>\n\t\t\t\t\t\t\t\t<span class=\"elementor-accordion-icon-opened\"><i class=\"fas fa-minus\"><\/i><\/span>\n\t\t\t\t\t\t\t\t\t\t\t\t\t\t<\/span>\n\t\t\t\t\t\t\t\t\t\t\t\t<a class=\"elementor-accordion-title\" tabindex=\"0\">Estructuraci\u00f3n y nuevos proyectos<\/a>\n\t\t\t\t\t<\/div>\n\t\t\t\t\t<div id=\"elementor-tab-content-2671\" class=\"elementor-tab-content elementor-clearfix\" data-tab=\"1\" role=\"region\" aria-labelledby=\"elementor-tab-title-2671\"><p>La Presidente de Gotita Roja-Suiza retorna a Bolivia para apoyar a los pacientes adultos mediante el departamento de Trabajo Social del Instituto Oncol\u00f3gico del Oriente Boliviano. Su aporte fue importante durante su estad\u00eda para crear nuevos proyectos y reestructurar la organizaci\u00f3n frente a las necesidades de los pacientes y del Instituto Oncol\u00f3gico.<\/p><\/div>\n\t\t\t\t<\/div>\n\t\t\t\t\t\t\t<div class=\"elementor-accordion-item\">\n\t\t\t\t\t<div id=\"elementor-tab-title-2672\" class=\"elementor-tab-title\" data-tab=\"2\" role=\"button\" aria-controls=\"elementor-tab-content-2672\" aria-expanded=\"false\">\n\t\t\t\t\t\t\t\t\t\t\t\t\t<span class=\"elementor-accordion-icon elementor-accordion-icon-left\" aria-hidden=\"true\">\n\t\t\t\t\t\t\t\t\t\t\t\t\t\t\t<span class=\"elementor-accordion-icon-closed\"><i class=\"fas fa-angle-down\"><\/i><\/span>\n\t\t\t\t\t\t\t\t<span class=\"elementor-accordion-icon-opened\"><i class=\"fas fa-minus\"><\/i><\/span>\n\t\t\t\t\t\t\t\t\t\t\t\t\t\t<\/span>\n\t\t\t\t\t\t\t\t\t\t\t\t<a class=\"elementor-accordion-title\" tabindex=\"0\">Proyecto \u201cS\u00faper Quimio\u201d<\/a>\n\t\t\t\t\t<\/div>\n\t\t\t\t\t<div id=\"elementor-tab-content-2672\" class=\"elementor-tab-content elementor-clearfix\" data-tab=\"2\" role=\"region\" aria-labelledby=\"elementor-tab-title-2672\"><p>Un proyecto creado con el objetivo de apoyar a los pacientes adultos, para disminuir el alto \u00edndice de abandono de tratamientos debido a la falta de recursos econ\u00f3micos.<\/p><\/div>\n\t\t\t\t<\/div>\n\t\t\t\t\t\t\t<div class=\"elementor-accordion-item\">\n\t\t\t\t\t<div id=\"elementor-tab-title-2673\" class=\"elementor-tab-title\" data-tab=\"3\" role=\"button\" aria-controls=\"elementor-tab-content-2673\" aria-expanded=\"false\">\n\t\t\t\t\t\t\t\t\t\t\t\t\t<span class=\"elementor-accordion-icon elementor-accordion-icon-left\" aria-hidden=\"true\">\n\t\t\t\t\t\t\t\t\t\t\t\t\t\t\t<span class=\"elementor-accordion-icon-closed\"><i class=\"fas fa-angle-down\"><\/i><\/span>\n\t\t\t\t\t\t\t\t<span class=\"elementor-accordion-icon-opened\"><i class=\"fas fa-minus\"><\/i><\/span>\n\t\t\t\t\t\t\t\t\t\t\t\t\t\t<\/span>\n\t\t\t\t\t\t\t\t\t\t\t\t<a class=\"elementor-accordion-title\" tabindex=\"0\">Proyecto de auto sustento \u201cChalinas\u201d<\/a>\n\t\t\t\t\t<\/div>\n\t\t\t\t\t<div id=\"elementor-tab-content-2673\" class=\"elementor-tab-content elementor-clearfix\" data-tab=\"3\" role=\"region\" aria-labelledby=\"elementor-tab-title-2673\"><p>Talleres de tejido, coordinados por la voluntaria Ver\u00f3nica Medina, donde las madres de los pacientes aprend\u00edan a tejer chalinas que eran enviadas a Suiza para que sean comercializadas. Este proyecto brindaba a las familias, adem\u00e1s del apoyo econ\u00f3mico, una terapia ocupacional. Sin embargo, no\u00a0 exist\u00eda un espacio f\u00edsico espec\u00edfico para esta actividad, y las voluntarias pasaban clases en situaciones precarias bajo un \u00e1rbol en el jard\u00edn o en el comedor del Instituto Oncol\u00f3gico en los d\u00edas lluvia.<\/p><p>Este\u00a0 proyecto nace a ra\u00edz de que muchos de los pacientes y familia provenientes de otras ciudades o regiones de Bolivia, se trasladan a Santa Cruz a fin de realizar su tratamiento, atraviesan por dificultades econ\u00f3micas, por falta de trabajo y vivienda, y en muchos casos la descruccion de\u00a0 la estructura familiar y social.<\/p><\/div>\n\t\t\t\t<\/div>\n\t\t\t\t\t\t\t\t<\/div>\n\t\t\t\t<\/div>\n\t\t\t\t<\/div>\n\t\t\t\t<div class=\"elementor-element elementor-element-fe90ccb elementor-widget elementor-widget-heading\" data-id=\"fe90ccb\" data-element_type=\"widget\" data-widget_type=\"heading.default\">\n\t\t\t\t<div class=\"elementor-widget-container\">\n\t\t\t<h4 class=\"elementor-heading-title elementor-size-default\">2014<\/h4>\t\t<\/div>\n\t\t\t\t<\/div>\n\t\t\t\t<div class=\"elementor-element elementor-element-7de99aa elementor-widget elementor-widget-accordion\" data-id=\"7de99aa\" data-element_type=\"widget\" data-widget_type=\"accordion.default\">\n\t\t\t\t<div class=\"elementor-widget-container\">\n\t\t\t\t\t<div class=\"elementor-accordion\">\n\t\t\t\t\t\t\t<div class=\"elementor-accordion-item\">\n\t\t\t\t\t<div id=\"elementor-tab-title-1321\" class=\"elementor-tab-title\" data-tab=\"1\" role=\"button\" aria-controls=\"elementor-tab-content-1321\" aria-expanded=\"false\">\n\t\t\t\t\t\t\t\t\t\t\t\t\t<span class=\"elementor-accordion-icon elementor-accordion-icon-left\" aria-hidden=\"true\">\n\t\t\t\t\t\t\t\t\t\t\t\t\t\t\t<span class=\"elementor-accordion-icon-closed\"><i class=\"fas fa-angle-down\"><\/i><\/span>\n\t\t\t\t\t\t\t\t<span class=\"elementor-accordion-icon-opened\"><i class=\"fas fa-minus\"><\/i><\/span>\n\t\t\t\t\t\t\t\t\t\t\t\t\t\t<\/span>\n\t\t\t\t\t\t\t\t\t\t\t\t<a class=\"elementor-accordion-title\" tabindex=\"0\">Creaci\u00f3n de Gotita Roja-Bolivia <\/a>\n\t\t\t\t\t<\/div>\n\t\t\t\t\t<div id=\"elementor-tab-content-1321\" class=\"elementor-tab-content elementor-clearfix\" data-tab=\"1\" role=\"region\" aria-labelledby=\"elementor-tab-title-1321\"><p><img loading=\"lazy\" decoding=\"async\" data-recalc-dims=\"1\" class=\"alignleft wp-image-6370 size-full\" src=\"https:\/\/i0.wp.com\/gotitarojabolivia.org.bo\/wp-content\/uploads\/2021\/07\/quienesSomos2-1024x549-1.png?resize=1024%2C549&#038;ssl=1\" alt=\"\" width=\"1024\" height=\"549\" srcset=\"https:\/\/i0.wp.com\/gotitarojabolivia.org.bo\/wp-content\/uploads\/2021\/07\/quienesSomos2-1024x549-1.png?w=1024&amp;ssl=1 1024w, https:\/\/i0.wp.com\/gotitarojabolivia.org.bo\/wp-content\/uploads\/2021\/07\/quienesSomos2-1024x549-1.png?resize=300%2C161&amp;ssl=1 300w, https:\/\/i0.wp.com\/gotitarojabolivia.org.bo\/wp-content\/uploads\/2021\/07\/quienesSomos2-1024x549-1.png?resize=768%2C412&amp;ssl=1 768w, https:\/\/i0.wp.com\/gotitarojabolivia.org.bo\/wp-content\/uploads\/2021\/07\/quienesSomos2-1024x549-1.png?resize=600%2C322&amp;ssl=1 600w\" sizes=\"auto, (max-width: 1024px) 100vw, 1024px\" \/>Bajo los mismos lineamientos que los voluntarios suizos, se conforma el primer grupo de voluntarias bolivianas, Patricia Alvarado, Cecilia Howard, Susana Pacheco, Paula Medina, Ver\u00f3nica Medina y Evelyn N\u00fa\u00f1ez, posteriormente el Directorio fundador de Gotita Roja-Bolivia.<\/p><\/div>\n\t\t\t\t<\/div>\n\t\t\t\t\t\t\t<div class=\"elementor-accordion-item\">\n\t\t\t\t\t<div id=\"elementor-tab-title-1322\" class=\"elementor-tab-title\" data-tab=\"2\" role=\"button\" aria-controls=\"elementor-tab-content-1322\" aria-expanded=\"false\">\n\t\t\t\t\t\t\t\t\t\t\t\t\t<span class=\"elementor-accordion-icon elementor-accordion-icon-left\" aria-hidden=\"true\">\n\t\t\t\t\t\t\t\t\t\t\t\t\t\t\t<span class=\"elementor-accordion-icon-closed\"><i class=\"fas fa-angle-down\"><\/i><\/span>\n\t\t\t\t\t\t\t\t<span class=\"elementor-accordion-icon-opened\"><i class=\"fas fa-minus\"><\/i><\/span>\n\t\t\t\t\t\t\t\t\t\t\t\t\t\t<\/span>\n\t\t\t\t\t\t\t\t\t\t\t\t<a class=\"elementor-accordion-title\" tabindex=\"0\">Taller de costura \u201cCosturando sue\u00f1os\u201d<\/a>\n\t\t\t\t\t<\/div>\n\t\t\t\t\t<div id=\"elementor-tab-content-1322\" class=\"elementor-tab-content elementor-clearfix\" data-tab=\"2\" role=\"region\" aria-labelledby=\"elementor-tab-title-1322\"><p>Se unen profesoras de otras \u00e1reas,\u00a0 bajo la misma modalidad que el proyecto \u201cChalinas\u201d, con talleres de costura, pintura y tejido, pero esta vez, serian promocionados en Bolivia, a trav\u00e9s de la participaci\u00f3n en ferias de beneficencia\u00a0 y tambi\u00e9n por las redes sociales.<\/p><p>Este proyecto de autosustento, ha servido tambi\u00e9n para formar madres\/padres m\u00e1s comprometidos con el tratamiento de la enfermedad de sus hijos, y con el reforzamiento de su car\u00e1cter para enfrentar la lucha de salir adelante por cuenta propia.<\/p><\/div>\n\t\t\t\t<\/div>\n\t\t\t\t\t\t\t<div class=\"elementor-accordion-item\">\n\t\t\t\t\t<div id=\"elementor-tab-title-1323\" class=\"elementor-tab-title\" data-tab=\"3\" role=\"button\" aria-controls=\"elementor-tab-content-1323\" aria-expanded=\"false\">\n\t\t\t\t\t\t\t\t\t\t\t\t\t<span class=\"elementor-accordion-icon elementor-accordion-icon-left\" aria-hidden=\"true\">\n\t\t\t\t\t\t\t\t\t\t\t\t\t\t\t<span class=\"elementor-accordion-icon-closed\"><i class=\"fas fa-angle-down\"><\/i><\/span>\n\t\t\t\t\t\t\t\t<span class=\"elementor-accordion-icon-opened\"><i class=\"fas fa-minus\"><\/i><\/span>\n\t\t\t\t\t\t\t\t\t\t\t\t\t\t<\/span>\n\t\t\t\t\t\t\t\t\t\t\t\t<a class=\"elementor-accordion-title\" tabindex=\"0\">Proyecto \u201cSembrando Futuro\u201d<\/a>\n\t\t\t\t\t<\/div>\n\t\t\t\t\t<div id=\"elementor-tab-content-1323\" class=\"elementor-tab-content elementor-clearfix\" data-tab=\"3\" role=\"region\" aria-labelledby=\"elementor-tab-title-1323\"><p>Proyecto \u201cSembrando Futuro\u201d Concluido el proyecto Plaquetas, nace Sembrando Futuro en apoyo a los pacientes de pediatr\u00eda. Las donaciones iniciales son medicamentos que suben las defensas y posteriormente va variando de acuerdo a las necesidades de los pacientes y en funci\u00f3n a los apoyos que otras instituciones brindan. Actualmente, cubre el costo de los estudios de Enfermedad M\u00ednima Residual, Inmunofenotipo, y otros, adem\u00e1s de medicamentos que son requeridos durante el a\u00f1o.<\/p><\/div>\n\t\t\t\t<\/div>\n\t\t\t\t\t\t\t\t<\/div>\n\t\t\t\t<\/div>\n\t\t\t\t<\/div>\n\t\t\t\t<div class=\"elementor-element elementor-element-82fc48c elementor-widget elementor-widget-heading\" data-id=\"82fc48c\" data-element_type=\"widget\" data-widget_type=\"heading.default\">\n\t\t\t\t<div class=\"elementor-widget-container\">\n\t\t\t<h4 class=\"elementor-heading-title elementor-size-default\">2015<\/h4>\t\t<\/div>\n\t\t\t\t<\/div>\n\t\t\t\t<div class=\"elementor-element elementor-element-0bbc839 elementor-widget elementor-widget-accordion\" data-id=\"0bbc839\" data-element_type=\"widget\" data-widget_type=\"accordion.default\">\n\t\t\t\t<div class=\"elementor-widget-container\">\n\t\t\t\t\t<div class=\"elementor-accordion\">\n\t\t\t\t\t\t\t<div class=\"elementor-accordion-item\">\n\t\t\t\t\t<div id=\"elementor-tab-title-1231\" class=\"elementor-tab-title\" data-tab=\"1\" role=\"button\" aria-controls=\"elementor-tab-content-1231\" aria-expanded=\"false\">\n\t\t\t\t\t\t\t\t\t\t\t\t\t<span class=\"elementor-accordion-icon elementor-accordion-icon-left\" aria-hidden=\"true\">\n\t\t\t\t\t\t\t\t\t\t\t\t\t\t\t<span class=\"elementor-accordion-icon-closed\"><i class=\"fas fa-angle-down\"><\/i><\/span>\n\t\t\t\t\t\t\t\t<span class=\"elementor-accordion-icon-opened\"><i class=\"fas fa-minus\"><\/i><\/span>\n\t\t\t\t\t\t\t\t\t\t\t\t\t\t<\/span>\n\t\t\t\t\t\t\t\t\t\t\t\t<a class=\"elementor-accordion-title\" tabindex=\"0\">Participaci\u00f3n en las Ferias de Beneficencia<\/a>\n\t\t\t\t\t<\/div>\n\t\t\t\t\t<div id=\"elementor-tab-content-1231\" class=\"elementor-tab-content elementor-clearfix\" data-tab=\"1\" role=\"region\" aria-labelledby=\"elementor-tab-title-1231\"><p style=\"line-height: 21.3pt; background: white; margin: 0cm 0cm 15.8pt 0cm;\"><span style=\"font-size: 12.5pt; font-family: 'Arial',sans-serif; color: #7a7a7a;\">La participaci\u00f3n de Gotita Roja en ferias organizadas por amigos, toma relevancia, esto nos permite dar a conocer la asociaci\u00f3n y las distintas actividades de recolecci\u00f3n de fondos.<\/span><\/p><\/div>\n\t\t\t\t<\/div>\n\t\t\t\t\t\t\t\t<\/div>\n\t\t\t\t<\/div>\n\t\t\t\t<\/div>\n\t\t\t\t<div class=\"elementor-element elementor-element-b0a6fa0 elementor-widget elementor-widget-heading\" data-id=\"b0a6fa0\" data-element_type=\"widget\" data-widget_type=\"heading.default\">\n\t\t\t\t<div class=\"elementor-widget-container\">\n\t\t\t<h4 class=\"elementor-heading-title elementor-size-default\">2016<\/h4>\t\t<\/div>\n\t\t\t\t<\/div>\n\t\t\t\t<div class=\"elementor-element elementor-element-f0f231b elementor-widget elementor-widget-accordion\" data-id=\"f0f231b\" data-element_type=\"widget\" data-widget_type=\"accordion.default\">\n\t\t\t\t<div class=\"elementor-widget-container\">\n\t\t\t\t\t<div class=\"elementor-accordion\">\n\t\t\t\t\t\t\t<div class=\"elementor-accordion-item\">\n\t\t\t\t\t<div id=\"elementor-tab-title-2521\" class=\"elementor-tab-title\" data-tab=\"1\" role=\"button\" aria-controls=\"elementor-tab-content-2521\" aria-expanded=\"false\">\n\t\t\t\t\t\t\t\t\t\t\t\t\t<span class=\"elementor-accordion-icon elementor-accordion-icon-left\" aria-hidden=\"true\">\n\t\t\t\t\t\t\t\t\t\t\t\t\t\t\t<span class=\"elementor-accordion-icon-closed\"><i class=\"fas fa-caret-down\"><\/i><\/span>\n\t\t\t\t\t\t\t\t<span class=\"elementor-accordion-icon-opened\"><i class=\"fas fa-minus\"><\/i><\/span>\n\t\t\t\t\t\t\t\t\t\t\t\t\t\t<\/span>\n\t\t\t\t\t\t\t\t\t\t\t\t<a class=\"elementor-accordion-title\" tabindex=\"0\">Personer\u00eda jur\u00eddica (RA SJD DAJ PJ 2015 525).<\/a>\n\t\t\t\t\t<\/div>\n\t\t\t\t\t<div id=\"elementor-tab-content-2521\" class=\"elementor-tab-content elementor-clearfix\" data-tab=\"1\" role=\"region\" aria-labelledby=\"elementor-tab-title-2521\"><p>La regularizaci\u00f3n legal del trabajo de Gotita Roja en Bolivia, ha permitido un apoyo m\u00e1s completo a las familias y los pacientes, ha permitido tambi\u00e9n la colecta de fondos en la ciudad de Santa Cruz de la Sierra, generando un apoyo importante para los pacientes en los distintos proyectos. Para lograr nuestros objetivos se han buscado m\u00e9todos de recolecci\u00f3n, que no interfieren en la colecta de otras instituciones.<\/p><p>Se inicia el trabajo de divulgaci\u00f3n de los proyectos, a trav\u00e9s de las redes sociales, lo que permite llegar a m\u00e1s gente y lograr apoyo a nivel local; as\u00ed como incorporar m\u00e1s personas como voluntarios activos.<\/p><\/div>\n\t\t\t\t<\/div>\n\t\t\t\t\t\t\t<div class=\"elementor-accordion-item\">\n\t\t\t\t\t<div id=\"elementor-tab-title-2522\" class=\"elementor-tab-title\" data-tab=\"2\" role=\"button\" aria-controls=\"elementor-tab-content-2522\" aria-expanded=\"false\">\n\t\t\t\t\t\t\t\t\t\t\t\t\t<span class=\"elementor-accordion-icon elementor-accordion-icon-left\" aria-hidden=\"true\">\n\t\t\t\t\t\t\t\t\t\t\t\t\t\t\t<span class=\"elementor-accordion-icon-closed\"><i class=\"fas fa-caret-down\"><\/i><\/span>\n\t\t\t\t\t\t\t\t<span class=\"elementor-accordion-icon-opened\"><i class=\"fas fa-minus\"><\/i><\/span>\n\t\t\t\t\t\t\t\t\t\t\t\t\t\t<\/span>\n\t\t\t\t\t\t\t\t\t\t\t\t<a class=\"elementor-accordion-title\" tabindex=\"0\">Proyecto \u201cDesayuno cumplea\u00f1ero\u201d <\/a>\n\t\t\t\t\t<\/div>\n\t\t\t\t\t<div id=\"elementor-tab-content-2522\" class=\"elementor-tab-content elementor-clearfix\" data-tab=\"2\" role=\"region\" aria-labelledby=\"elementor-tab-title-2522\"><p>Una empresa amiga de Gotita, se une a nuestra asociaci\u00f3n para llevar un desayuno y festejo de cumplea\u00f1os a los pacientes adultos, con una merienda y regalos especiales una vez al mes. Este proyecto levanta el \u00e1nimo de los pacientes y permite sacarles una sonrisa.<\/p><\/div>\n\t\t\t\t<\/div>\n\t\t\t\t\t\t\t<div class=\"elementor-accordion-item\">\n\t\t\t\t\t<div id=\"elementor-tab-title-2523\" class=\"elementor-tab-title\" data-tab=\"3\" role=\"button\" aria-controls=\"elementor-tab-content-2523\" aria-expanded=\"false\">\n\t\t\t\t\t\t\t\t\t\t\t\t\t<span class=\"elementor-accordion-icon elementor-accordion-icon-left\" aria-hidden=\"true\">\n\t\t\t\t\t\t\t\t\t\t\t\t\t\t\t<span class=\"elementor-accordion-icon-closed\"><i class=\"fas fa-caret-down\"><\/i><\/span>\n\t\t\t\t\t\t\t\t<span class=\"elementor-accordion-icon-opened\"><i class=\"fas fa-minus\"><\/i><\/span>\n\t\t\t\t\t\t\t\t\t\t\t\t\t\t<\/span>\n\t\t\t\t\t\t\t\t\t\t\t\t<a class=\"elementor-accordion-title\" tabindex=\"0\">Donaci\u00f3n de M\u00e1quinas a las madres de pacientes<\/a>\n\t\t\t\t\t<\/div>\n\t\t\t\t\t<div id=\"elementor-tab-content-2523\" class=\"elementor-tab-content elementor-clearfix\" data-tab=\"3\" role=\"region\" aria-labelledby=\"elementor-tab-title-2523\"><p>El proyecto Construyendo sue\u00f1os tiene un impulso importante, y se realiza la primera donaci\u00f3n de Maquinas de Coser a las mam\u00e1s del proyecto. A partir de esta donaci\u00f3n, todos los participantes del proyecto llevan a casa una herramienta de trabajo importante.<\/p><\/div>\n\t\t\t\t<\/div>\n\t\t\t\t\t\t\t\t<\/div>\n\t\t\t\t<\/div>\n\t\t\t\t<\/div>\n\t\t\t\t<div class=\"elementor-element elementor-element-d26e045 elementor-widget elementor-widget-heading\" data-id=\"d26e045\" data-element_type=\"widget\" data-widget_type=\"heading.default\">\n\t\t\t\t<div class=\"elementor-widget-container\">\n\t\t\t<h4 class=\"elementor-heading-title elementor-size-default\">2017<\/h4>\t\t<\/div>\n\t\t\t\t<\/div>\n\t\t\t\t<div class=\"elementor-element elementor-element-03880e7 elementor-widget elementor-widget-accordion\" data-id=\"03880e7\" data-element_type=\"widget\" data-widget_type=\"accordion.default\">\n\t\t\t\t<div class=\"elementor-widget-container\">\n\t\t\t\t\t<div class=\"elementor-accordion\">\n\t\t\t\t\t\t\t<div class=\"elementor-accordion-item\">\n\t\t\t\t\t<div id=\"elementor-tab-title-3701\" class=\"elementor-tab-title\" data-tab=\"1\" role=\"button\" aria-controls=\"elementor-tab-content-3701\" aria-expanded=\"false\">\n\t\t\t\t\t\t\t\t\t\t\t\t\t<span class=\"elementor-accordion-icon elementor-accordion-icon-left\" aria-hidden=\"true\">\n\t\t\t\t\t\t\t\t\t\t\t\t\t\t\t<span class=\"elementor-accordion-icon-closed\"><i class=\"fas fa-caret-down\"><\/i><\/span>\n\t\t\t\t\t\t\t\t<span class=\"elementor-accordion-icon-opened\"><i class=\"fas fa-minus\"><\/i><\/span>\n\t\t\t\t\t\t\t\t\t\t\t\t\t\t<\/span>\n\t\t\t\t\t\t\t\t\t\t\t\t<a class=\"elementor-accordion-title\" tabindex=\"0\">Consolidaci\u00f3n del trabajo social<\/a>\n\t\t\t\t\t<\/div>\n\t\t\t\t\t<div id=\"elementor-tab-content-3701\" class=\"elementor-tab-content elementor-clearfix\" data-tab=\"1\" role=\"region\" aria-labelledby=\"elementor-tab-title-3701\"><\/div>\n\t\t\t\t<\/div>\n\t\t\t\t\t\t\t<div class=\"elementor-accordion-item\">\n\t\t\t\t\t<div id=\"elementor-tab-title-3702\" class=\"elementor-tab-title\" data-tab=\"2\" role=\"button\" aria-controls=\"elementor-tab-content-3702\" aria-expanded=\"false\">\n\t\t\t\t\t\t\t\t\t\t\t\t\t<span class=\"elementor-accordion-icon elementor-accordion-icon-left\" aria-hidden=\"true\">\n\t\t\t\t\t\t\t\t\t\t\t\t\t\t\t<span class=\"elementor-accordion-icon-closed\"><i class=\"fas fa-caret-down\"><\/i><\/span>\n\t\t\t\t\t\t\t\t<span class=\"elementor-accordion-icon-opened\"><i class=\"fas fa-minus\"><\/i><\/span>\n\t\t\t\t\t\t\t\t\t\t\t\t\t\t<\/span>\n\t\t\t\t\t\t\t\t\t\t\t\t<a class=\"elementor-accordion-title\" tabindex=\"0\">Feria Navide\u00f1a \u2013Instituto Oncol\u00f3gico<\/a>\n\t\t\t\t\t<\/div>\n\t\t\t\t\t<div id=\"elementor-tab-content-3702\" class=\"elementor-tab-content elementor-clearfix\" data-tab=\"2\" role=\"region\" aria-labelledby=\"elementor-tab-title-3702\"><p>En el mes de diciembre Gotita Roja realiza una feria navide\u00f1a a puertas del Oncol\u00f3gico, donde expone sus proyectos y los productos de las mam\u00e1s (artesan\u00edas y pasteler\u00eda). A\u00f1o a a\u00f1o, se busca apoyo de instituciones importantes para el montaje de la misma. Es un evento clave de integraci\u00f3n social, debido a que los pacientes adultos y sus familiares exponen sus productos y atienden al p\u00fablico visitante.<\/p><\/div>\n\t\t\t\t<\/div>\n\t\t\t\t\t\t\t\t<\/div>\n\t\t\t\t<\/div>\n\t\t\t\t<\/div>\n\t\t\t\t<div class=\"elementor-element elementor-element-33c32b7 elementor-widget elementor-widget-heading\" data-id=\"33c32b7\" data-element_type=\"widget\" data-widget_type=\"heading.default\">\n\t\t\t\t<div class=\"elementor-widget-container\">\n\t\t\t<h4 class=\"elementor-heading-title elementor-size-default\">2018<\/h4>\t\t<\/div>\n\t\t\t\t<\/div>\n\t\t\t\t<div class=\"elementor-element elementor-element-7989235 elementor-widget elementor-widget-accordion\" data-id=\"7989235\" data-element_type=\"widget\" data-widget_type=\"accordion.default\">\n\t\t\t\t<div class=\"elementor-widget-container\">\n\t\t\t\t\t<div class=\"elementor-accordion\">\n\t\t\t\t\t\t\t<div class=\"elementor-accordion-item\">\n\t\t\t\t\t<div id=\"elementor-tab-title-1271\" class=\"elementor-tab-title\" data-tab=\"1\" role=\"button\" aria-controls=\"elementor-tab-content-1271\" aria-expanded=\"false\">\n\t\t\t\t\t\t\t\t\t\t\t\t\t<span class=\"elementor-accordion-icon elementor-accordion-icon-left\" aria-hidden=\"true\">\n\t\t\t\t\t\t\t\t\t\t\t\t\t\t\t<span class=\"elementor-accordion-icon-closed\"><i class=\"fas fa-caret-down\"><\/i><\/span>\n\t\t\t\t\t\t\t\t<span class=\"elementor-accordion-icon-opened\"><i class=\"fas fa-minus\"><\/i><\/span>\n\t\t\t\t\t\t\t\t\t\t\t\t\t\t<\/span>\n\t\t\t\t\t\t\t\t\t\t\t\t<a class=\"elementor-accordion-title\" tabindex=\"0\">Reconocimiento al \u201cmerito Social\u201d \u2013 Premiaci\u00f3n<\/a>\n\t\t\t\t\t<\/div>\n\t\t\t\t\t<div id=\"elementor-tab-content-1271\" class=\"elementor-tab-content elementor-clearfix\" data-tab=\"1\" role=\"region\" aria-labelledby=\"elementor-tab-title-1271\"><p>Gotita Roja, es galardonada por Juventud Empresa, con el t\u00edtulo de \u201cM\u00e9rito Social\u201d por su actuaci\u00f3n junto a los pacientes del Instituto Oncol\u00f3gico y sus familiares.<\/p><p>A trav\u00e9s del fuerte trabajo de los voluntarios durante estos a\u00f1os, a pesar de las condiciones precarias, fue posible la consolidaci\u00f3n de Gotita Roja-Bolivia reconocida como una organizaci\u00f3n ben\u00e9fica respetable e id\u00f3nea.<\/p><\/div>\n\t\t\t\t<\/div>\n\t\t\t\t\t\t\t\t<\/div>\n\t\t\t\t<\/div>\n\t\t\t\t<\/div>\n\t\t\t\t<div class=\"elementor-element elementor-element-4a2e9e8 elementor-widget elementor-widget-heading\" data-id=\"4a2e9e8\" data-element_type=\"widget\" data-widget_type=\"heading.default\">\n\t\t\t\t<div class=\"elementor-widget-container\">\n\t\t\t<h4 class=\"elementor-heading-title elementor-size-default\">2019<\/h4>\t\t<\/div>\n\t\t\t\t<\/div>\n\t\t\t\t<div class=\"elementor-element elementor-element-e8df4cf elementor-widget elementor-widget-accordion\" data-id=\"e8df4cf\" data-element_type=\"widget\" data-widget_type=\"accordion.default\">\n\t\t\t\t<div class=\"elementor-widget-container\">\n\t\t\t\t\t<div class=\"elementor-accordion\">\n\t\t\t\t\t\t\t<div class=\"elementor-accordion-item\">\n\t\t\t\t\t<div id=\"elementor-tab-title-2441\" class=\"elementor-tab-title\" data-tab=\"1\" role=\"button\" aria-controls=\"elementor-tab-content-2441\" aria-expanded=\"false\">\n\t\t\t\t\t\t\t\t\t\t\t\t\t<span class=\"elementor-accordion-icon elementor-accordion-icon-left\" aria-hidden=\"true\">\n\t\t\t\t\t\t\t\t\t\t\t\t\t\t\t<span class=\"elementor-accordion-icon-closed\"><i class=\"fas fa-caret-down\"><\/i><\/span>\n\t\t\t\t\t\t\t\t<span class=\"elementor-accordion-icon-opened\"><i class=\"fas fa-minus\"><\/i><\/span>\n\t\t\t\t\t\t\t\t\t\t\t\t\t\t<\/span>\n\t\t\t\t\t\t\t\t\t\t\t\t<a class=\"elementor-accordion-title\" tabindex=\"0\">Gotita Roja \u2013 El Sue\u00f1o de la \u201cCasa taller\u201d<\/a>\n\t\t\t\t\t<\/div>\n\t\t\t\t\t<div id=\"elementor-tab-content-2441\" class=\"elementor-tab-content elementor-clearfix\" data-tab=\"1\" role=\"region\" aria-labelledby=\"elementor-tab-title-2441\"><p>Una sede de Gotita Roja-Bolivia, fue posible gracias al apoyo financiero de una familia altruista boliviana, que conoce de cerca el trabajo desarrollado durante todos estos a\u00f1os y cree que este trabajo puede ser intensificado con la creaci\u00f3n de la \u201cCasa-taller\u201d.<\/p><p>Se alquila una vivienda a dos cuadras del Instituto Oncol\u00f3gico, un rinc\u00f3n donde los voluntarios pueden recibir a los pacientes y sus madres\/padres con mucho cari\u00f1o; donde se comparten risas, llantos, conocimiento y crecimiento, donde se puede abrigar actividades con los pacientes y sus familias.<\/p><\/div>\n\t\t\t\t<\/div>\n\t\t\t\t\t\t\t<div class=\"elementor-accordion-item\">\n\t\t\t\t\t<div id=\"elementor-tab-title-2442\" class=\"elementor-tab-title\" data-tab=\"2\" role=\"button\" aria-controls=\"elementor-tab-content-2442\" aria-expanded=\"false\">\n\t\t\t\t\t\t\t\t\t\t\t\t\t<span class=\"elementor-accordion-icon elementor-accordion-icon-left\" aria-hidden=\"true\">\n\t\t\t\t\t\t\t\t\t\t\t\t\t\t\t<span class=\"elementor-accordion-icon-closed\"><i class=\"fas fa-caret-down\"><\/i><\/span>\n\t\t\t\t\t\t\t\t<span class=\"elementor-accordion-icon-opened\"><i class=\"fas fa-minus\"><\/i><\/span>\n\t\t\t\t\t\t\t\t\t\t\t\t\t\t<\/span>\n\t\t\t\t\t\t\t\t\t\t\t\t<a class=\"elementor-accordion-title\" tabindex=\"0\">Casa nueva \u2013 Nuevos Proyectos \u2013 Nuevos Sue\u00f1os<\/a>\n\t\t\t\t\t<\/div>\n\t\t\t\t\t<div id=\"elementor-tab-content-2442\" class=\"elementor-tab-content elementor-clearfix\" data-tab=\"2\" role=\"region\" aria-labelledby=\"elementor-tab-title-2442\"><p><img loading=\"lazy\" decoding=\"async\" data-recalc-dims=\"1\" class=\"alignnone wp-image-6374 size-full\" src=\"https:\/\/i0.wp.com\/gotitarojabolivia.org.bo\/wp-content\/uploads\/2021\/07\/quienesSomos3.png?resize=565%2C277&#038;ssl=1\" alt=\"\" width=\"565\" height=\"277\" srcset=\"https:\/\/i0.wp.com\/gotitarojabolivia.org.bo\/wp-content\/uploads\/2021\/07\/quienesSomos3.png?w=565&amp;ssl=1 565w, https:\/\/i0.wp.com\/gotitarojabolivia.org.bo\/wp-content\/uploads\/2021\/07\/quienesSomos3.png?resize=300%2C147&amp;ssl=1 300w\" sizes=\"auto, (max-width: 565px) 100vw, 565px\" \/><\/p><\/div>\n\t\t\t\t<\/div>\n\t\t\t\t\t\t\t<div class=\"elementor-accordion-item\">\n\t\t\t\t\t<div id=\"elementor-tab-title-2443\" class=\"elementor-tab-title\" data-tab=\"3\" role=\"button\" aria-controls=\"elementor-tab-content-2443\" aria-expanded=\"false\">\n\t\t\t\t\t\t\t\t\t\t\t\t\t<span class=\"elementor-accordion-icon elementor-accordion-icon-left\" aria-hidden=\"true\">\n\t\t\t\t\t\t\t\t\t\t\t\t\t\t\t<span class=\"elementor-accordion-icon-closed\"><i class=\"fas fa-caret-down\"><\/i><\/span>\n\t\t\t\t\t\t\t\t<span class=\"elementor-accordion-icon-opened\"><i class=\"fas fa-minus\"><\/i><\/span>\n\t\t\t\t\t\t\t\t\t\t\t\t\t\t<\/span>\n\t\t\t\t\t\t\t\t\t\t\t\t<a class=\"elementor-accordion-title\" tabindex=\"0\">Activaci\u00f3n de la Casa-Taller Gotita Roja-Bolivia<\/a>\n\t\t\t\t\t<\/div>\n\t\t\t\t\t<div id=\"elementor-tab-content-2443\" class=\"elementor-tab-content elementor-clearfix\" data-tab=\"3\" role=\"region\" aria-labelledby=\"elementor-tab-title-2443\"><p>Con la ayuda de nuevos voluntarios, se planific\u00f3 una casa taller adaptada para las clases de capacitaci\u00f3n\/talleres y charlas, adem\u00e1s, cuenta con un espacio para trabajos de oficina\/administraci\u00f3n, un peque\u00f1o dep\u00f3sitos para almacenar productos para las ferias, una cocina\/comedor para el cafecito durante los talleres, y una sala de recreaci\u00f3n para los ni\u00f1os que acompa\u00f1an a sus mam\u00e1s \u2013\u201cNi\u00f1os en acci\u00f3n\u201d.<\/p><p>Empresas privadas contribuyeron con materiales pallets y otras maderas de embalaje, que fueron recicladas para la ejecuci\u00f3n de muebles para los talleres.<\/p><p>La casa taller tambi\u00e9n funciona como espacio de exposici\u00f3n de los trabajos desarrollados por las mam\u00e1s en los talleres, y posibilita las visitas constantes de personas que quieren conocer y contribuir con el proyecto.<\/p><\/div>\n\t\t\t\t<\/div>\n\t\t\t\t\t\t\t<div class=\"elementor-accordion-item\">\n\t\t\t\t\t<div id=\"elementor-tab-title-2444\" class=\"elementor-tab-title\" data-tab=\"4\" role=\"button\" aria-controls=\"elementor-tab-content-2444\" aria-expanded=\"false\">\n\t\t\t\t\t\t\t\t\t\t\t\t\t<span class=\"elementor-accordion-icon elementor-accordion-icon-left\" aria-hidden=\"true\">\n\t\t\t\t\t\t\t\t\t\t\t\t\t\t\t<span class=\"elementor-accordion-icon-closed\"><i class=\"fas fa-caret-down\"><\/i><\/span>\n\t\t\t\t\t\t\t\t<span class=\"elementor-accordion-icon-opened\"><i class=\"fas fa-minus\"><\/i><\/span>\n\t\t\t\t\t\t\t\t\t\t\t\t\t\t<\/span>\n\t\t\t\t\t\t\t\t\t\t\t\t<a class=\"elementor-accordion-title\" tabindex=\"0\">Proyecto \u201cConstruyendo Sue\u00f1os\u201d<\/a>\n\t\t\t\t\t<\/div>\n\t\t\t\t\t<div id=\"elementor-tab-content-2444\" class=\"elementor-tab-content elementor-clearfix\" data-tab=\"4\" role=\"region\" aria-labelledby=\"elementor-tab-title-2444\"><p>Se perfecciona el proyecto \u201cCosturando Sue\u00f1os\u201d y se cambia de nombre a \u201cConstruyendo Sue\u00f1os\u201d, con un espacio para\u00a0\u00a0<u>\u201cCosturando sue\u00f1os\u201d<\/u>\u00a0(taller de costura) y\u00a0<u>\u201cAmor y punto\u201d<\/u>\u00a0(taller de bordado y tejido), adem\u00e1s de las actividades denominadas\u00a0<u>Edici\u00f3n especial<\/u>\u00a0\u2013 D\u00eda de las Madres, Edici\u00f3n especial \u2013 Navidad 2019, creados este a\u00f1o.<\/p><\/div>\n\t\t\t\t<\/div>\n\t\t\t\t\t\t\t<div class=\"elementor-accordion-item\">\n\t\t\t\t\t<div id=\"elementor-tab-title-2445\" class=\"elementor-tab-title\" data-tab=\"5\" role=\"button\" aria-controls=\"elementor-tab-content-2445\" aria-expanded=\"false\">\n\t\t\t\t\t\t\t\t\t\t\t\t\t<span class=\"elementor-accordion-icon elementor-accordion-icon-left\" aria-hidden=\"true\">\n\t\t\t\t\t\t\t\t\t\t\t\t\t\t\t<span class=\"elementor-accordion-icon-closed\"><i class=\"fas fa-caret-down\"><\/i><\/span>\n\t\t\t\t\t\t\t\t<span class=\"elementor-accordion-icon-opened\"><i class=\"fas fa-minus\"><\/i><\/span>\n\t\t\t\t\t\t\t\t\t\t\t\t\t\t<\/span>\n\t\t\t\t\t\t\t\t\t\t\t\t<a class=\"elementor-accordion-title\" tabindex=\"0\">Reconocimiento \u201cCruce\u00f1os de Oro\u201d \u2013 Premiaci\u00f3n<\/a>\n\t\t\t\t\t<\/div>\n\t\t\t\t\t<div id=\"elementor-tab-content-2445\" class=\"elementor-tab-content elementor-clearfix\" data-tab=\"5\" role=\"region\" aria-labelledby=\"elementor-tab-title-2445\"><p>Gotita Roja recibe el t\u00edtulo de \u201cCruce\u00f1o de Oro\u201d, condecoraci\u00f3n otorgada por la red de canal UNITEL por el proyecto de autosustento \u201cConstruyendo Sue\u00f1os\u201d<\/p><\/div>\n\t\t\t\t<\/div>\n\t\t\t\t\t\t\t<div class=\"elementor-accordion-item\">\n\t\t\t\t\t<div id=\"elementor-tab-title-2446\" class=\"elementor-tab-title\" data-tab=\"6\" role=\"button\" aria-controls=\"elementor-tab-content-2446\" aria-expanded=\"false\">\n\t\t\t\t\t\t\t\t\t\t\t\t\t<span class=\"elementor-accordion-icon elementor-accordion-icon-left\" aria-hidden=\"true\">\n\t\t\t\t\t\t\t\t\t\t\t\t\t\t\t<span class=\"elementor-accordion-icon-closed\"><i class=\"fas fa-caret-down\"><\/i><\/span>\n\t\t\t\t\t\t\t\t<span class=\"elementor-accordion-icon-opened\"><i class=\"fas fa-minus\"><\/i><\/span>\n\t\t\t\t\t\t\t\t\t\t\t\t\t\t<\/span>\n\t\t\t\t\t\t\t\t\t\t\t\t<a class=\"elementor-accordion-title\" tabindex=\"0\">Ferias de Beneficencia \u2013 y su  gran importancia<\/a>\n\t\t\t\t\t<\/div>\n\t\t\t\t\t<div id=\"elementor-tab-content-2446\" class=\"elementor-tab-content elementor-clearfix\" data-tab=\"6\" role=\"region\" aria-labelledby=\"elementor-tab-title-2446\"><p style=\"line-height: 21.3pt; background: white; margin: 0cm 0cm 15.8pt 0cm;\"><span style=\"font-size: 12.5pt; font-family: 'Arial',sans-serif; color: #7a7a7a; background: white;\">A lo largo de los a\u00f1os pasados, Gotita Roja ha recibido diversas invitaciones para asistir a ferias organizadas por instituciones o empresas privadas, esto permite a Gotita, a los pacientes y familiares la colecta de fondos.<img loading=\"lazy\" decoding=\"async\" data-recalc-dims=\"1\" class=\"alignleft wp-image-6375 size-full\" src=\"https:\/\/i0.wp.com\/gotitarojabolivia.org.bo\/wp-content\/uploads\/2021\/07\/quienesSomos4-1024x547-1.png?resize=1024%2C547&#038;ssl=1\" alt=\"\" width=\"1024\" height=\"547\" srcset=\"https:\/\/i0.wp.com\/gotitarojabolivia.org.bo\/wp-content\/uploads\/2021\/07\/quienesSomos4-1024x547-1.png?w=1024&amp;ssl=1 1024w, https:\/\/i0.wp.com\/gotitarojabolivia.org.bo\/wp-content\/uploads\/2021\/07\/quienesSomos4-1024x547-1.png?resize=300%2C160&amp;ssl=1 300w, https:\/\/i0.wp.com\/gotitarojabolivia.org.bo\/wp-content\/uploads\/2021\/07\/quienesSomos4-1024x547-1.png?resize=768%2C410&amp;ssl=1 768w, https:\/\/i0.wp.com\/gotitarojabolivia.org.bo\/wp-content\/uploads\/2021\/07\/quienesSomos4-1024x547-1.png?resize=600%2C321&amp;ssl=1 600w\" sizes=\"auto, (max-width: 1024px) 100vw, 1024px\" \/><\/span><\/p><p>\u00a0<\/p><\/div>\n\t\t\t\t<\/div>\n\t\t\t\t\t\t\t<div class=\"elementor-accordion-item\">\n\t\t\t\t\t<div id=\"elementor-tab-title-2447\" class=\"elementor-tab-title\" data-tab=\"7\" role=\"button\" aria-controls=\"elementor-tab-content-2447\" aria-expanded=\"false\">\n\t\t\t\t\t\t\t\t\t\t\t\t\t<span class=\"elementor-accordion-icon elementor-accordion-icon-left\" aria-hidden=\"true\">\n\t\t\t\t\t\t\t\t\t\t\t\t\t\t\t<span class=\"elementor-accordion-icon-closed\"><i class=\"fas fa-caret-down\"><\/i><\/span>\n\t\t\t\t\t\t\t\t<span class=\"elementor-accordion-icon-opened\"><i class=\"fas fa-minus\"><\/i><\/span>\n\t\t\t\t\t\t\t\t\t\t\t\t\t\t<\/span>\n\t\t\t\t\t\t\t\t\t\t\t\t<a class=\"elementor-accordion-title\" tabindex=\"0\">Proyecto \u201cCiclo de charlas\u201d<\/a>\n\t\t\t\t\t<\/div>\n\t\t\t\t\t<div id=\"elementor-tab-content-2447\" class=\"elementor-tab-content elementor-clearfix\" data-tab=\"7\" role=\"region\" aria-labelledby=\"elementor-tab-title-2447\"><p>Se da inicio a un proyecto nuevo con la finalidad de graduar a las mam\u00e1s m\u00e1s antiguas, mam\u00e1s que han perdido a sus ni\u00f1os en algunos casos, pero tambi\u00e9n que tienen ni\u00f1os ya recuperados, el objetivo es capacitarlas en distintas \u00e1reas, antes de iniciar un nuevo camino como emprendedoras independientes. Este proyecto tiene como brazo importante el evento \u201cBazar de Beneficencia &#8211; Vestir el Alma\u201d<\/p><\/div>\n\t\t\t\t<\/div>\n\t\t\t\t\t\t\t<div class=\"elementor-accordion-item\">\n\t\t\t\t\t<div id=\"elementor-tab-title-2448\" class=\"elementor-tab-title\" data-tab=\"8\" role=\"button\" aria-controls=\"elementor-tab-content-2448\" aria-expanded=\"false\">\n\t\t\t\t\t\t\t\t\t\t\t\t\t<span class=\"elementor-accordion-icon elementor-accordion-icon-left\" aria-hidden=\"true\">\n\t\t\t\t\t\t\t\t\t\t\t\t\t\t\t<span class=\"elementor-accordion-icon-closed\"><i class=\"fas fa-caret-down\"><\/i><\/span>\n\t\t\t\t\t\t\t\t<span class=\"elementor-accordion-icon-opened\"><i class=\"fas fa-minus\"><\/i><\/span>\n\t\t\t\t\t\t\t\t\t\t\t\t\t\t<\/span>\n\t\t\t\t\t\t\t\t\t\t\t\t<a class=\"elementor-accordion-title\" tabindex=\"0\">Evento anual \u201cBazar de beneficencia-Vestir el  Alma\u201d<\/a>\n\t\t\t\t\t<\/div>\n\t\t\t\t\t<div id=\"elementor-tab-content-2448\" class=\"elementor-tab-content elementor-clearfix\" data-tab=\"8\" role=\"region\" aria-labelledby=\"elementor-tab-title-2448\"><p>Acci\u00f3n social entre la sociedad y Gotita Roja, para la coleta de ropa, zapatos y accesorios usados, que despu\u00e9s de seleccionados, limpiados y organizados, son puestos a disposici\u00f3n de la poblaci\u00f3n para apoyar en un Bazar de Beneficencia.<\/p><p>El total del valor recaudado, a\u00f1o tras a\u00f1o, es destinado a una causa social diferente. El a\u00f1o 2019, fue destinado a apoyar un trabajo social desarrollado por las propias Madres de pacientes con c\u00e1ncer que participaron del Ciclo de Charlas-2019 \u2013 Proyecto pro Mar\u00eda Luisa.<\/p><p>El total del valor recaudado a\u00f1o tras a\u00f1o es destinado a una causa social diferente. El a\u00f1o 2019, fue destinado a apoyar un trabajo social desarrollado por las propias Madres de pacientes con c\u00e1ncer que participaron del Ciclo de Charlas-2019 \u2013 Proyecto pro Maria Luisa.<\/p><\/div>\n\t\t\t\t<\/div>\n\t\t\t\t\t\t\t\t<\/div>\n\t\t\t\t<\/div>\n\t\t\t\t<\/div>\n\t\t\t\t<div class=\"elementor-element elementor-element-1286d29 elementor-widget elementor-widget-heading\" data-id=\"1286d29\" data-element_type=\"widget\" data-widget_type=\"heading.default\">\n\t\t\t\t<div class=\"elementor-widget-container\">\n\t\t\t<h4 class=\"elementor-heading-title elementor-size-default\">2020<\/h4>\t\t<\/div>\n\t\t\t\t<\/div>\n\t\t\t\t<div class=\"elementor-element elementor-element-2816cb3 elementor-widget elementor-widget-menu-anchor\" data-id=\"2816cb3\" data-element_type=\"widget\" data-widget_type=\"menu-anchor.default\">\n\t\t\t\t<div class=\"elementor-widget-container\">\n\t\t\t\t\t<div id=\"covid\" class=\"elementor-menu-anchor\"><\/div>\n\t\t\t\t<\/div>\n\t\t\t\t<\/div>\n\t\t\t\t<div class=\"elementor-element elementor-element-5ab6b5b elementor-widget elementor-widget-accordion\" data-id=\"5ab6b5b\" data-element_type=\"widget\" data-widget_type=\"accordion.default\">\n\t\t\t\t<div class=\"elementor-widget-container\">\n\t\t\t\t\t<div class=\"elementor-accordion\">\n\t\t\t\t\t\t\t<div class=\"elementor-accordion-item\">\n\t\t\t\t\t<div id=\"elementor-tab-title-9511\" class=\"elementor-tab-title\" data-tab=\"1\" role=\"button\" aria-controls=\"elementor-tab-content-9511\" aria-expanded=\"false\">\n\t\t\t\t\t\t\t\t\t\t\t\t\t<span class=\"elementor-accordion-icon elementor-accordion-icon-left\" aria-hidden=\"true\">\n\t\t\t\t\t\t\t\t\t\t\t\t\t\t\t<span class=\"elementor-accordion-icon-closed\"><i class=\"fas fa-caret-down\"><\/i><\/span>\n\t\t\t\t\t\t\t\t<span class=\"elementor-accordion-icon-opened\"><i class=\"fas fa-minus\"><\/i><\/span>\n\t\t\t\t\t\t\t\t\t\t\t\t\t\t<\/span>\n\t\t\t\t\t\t\t\t\t\t\t\t<a class=\"elementor-accordion-title\" tabindex=\"0\">Cambio de conceptos en medio de tantos planes<\/a>\n\t\t\t\t\t<\/div>\n\t\t\t\t\t<div id=\"elementor-tab-content-9511\" class=\"elementor-tab-content elementor-clearfix\" data-tab=\"1\" role=\"region\" aria-labelledby=\"elementor-tab-title-9511\"><p><strong>Nuevo a\u00f1o, nuevas metas.<\/strong><\/p><p>\u00a0<\/p><p>El A\u00f1o 2021 ha estado lleno de grandes logros.\u00a0<\/p><p>Gracias al Mall las Brisas que nos han donado un espacio por el tiempo de medio a\u00f1o para exponer\u00a0 los productos de las mam\u00e1s, esta participaci\u00f3n ha significado para las mamas, nosotros y los donantes de gotita mucho crecimiento en todo sentido.\u00a0<\/p><p><strong>Manual de Inserci\u00f3n Escolar<\/strong><\/p><p>Para todos los ni\u00f1os pacientes retornar al colegio y volver a sus actividades normales antes de la enfermedad, resulta doloroso, pesado y muchas veces imposible para los ni\u00f1os. Monica Garcia una voluntaria de Gotita, dise\u00f1o como tesis de grado de su carrera, este manual que seguro sera de muchisima utilidad para los pacientes pediatricos que precisan ingresar al mundo escolar sin batallar tanto.<\/p><p>Es un texto dise\u00f1ado para acompa\u00f1ar a los padres y maestros.<\/p><p>\u00a0<\/p><\/div>\n\t\t\t\t<\/div>\n\t\t\t\t\t\t\t<div class=\"elementor-accordion-item\">\n\t\t\t\t\t<div id=\"elementor-tab-title-9512\" class=\"elementor-tab-title\" data-tab=\"2\" role=\"button\" aria-controls=\"elementor-tab-content-9512\" aria-expanded=\"false\">\n\t\t\t\t\t\t\t\t\t\t\t\t\t<span class=\"elementor-accordion-icon elementor-accordion-icon-left\" aria-hidden=\"true\">\n\t\t\t\t\t\t\t\t\t\t\t\t\t\t\t<span class=\"elementor-accordion-icon-closed\"><i class=\"fas fa-caret-down\"><\/i><\/span>\n\t\t\t\t\t\t\t\t<span class=\"elementor-accordion-icon-opened\"><i class=\"fas fa-minus\"><\/i><\/span>\n\t\t\t\t\t\t\t\t\t\t\t\t\t\t<\/span>\n\t\t\t\t\t\t\t\t\t\t\t\t<a class=\"elementor-accordion-title\" tabindex=\"0\">Evento \u201cGotita Roja-Edici\u00f3n Especial D\u00eda de las Madres-2020\u201d(suspendido)<\/a>\n\t\t\t\t\t<\/div>\n\t\t\t\t\t<div id=\"elementor-tab-content-9512\" class=\"elementor-tab-content elementor-clearfix\" data-tab=\"2\" role=\"region\" aria-labelledby=\"elementor-tab-title-9512\"><p>El evento Edici\u00f3n especial\u00a0 d\u00eda de las Madres de este a\u00f1o, con un nuevo dise\u00f1o y estilo, con muchas innovaciones en los productos bajo un nuevo concepto, es suspendido en pleno desarrollo por motivos de aislamiento social.<\/p><\/div>\n\t\t\t\t<\/div>\n\t\t\t\t\t\t\t<div class=\"elementor-accordion-item\">\n\t\t\t\t\t<div id=\"elementor-tab-title-9513\" class=\"elementor-tab-title\" data-tab=\"3\" role=\"button\" aria-controls=\"elementor-tab-content-9513\" aria-expanded=\"false\">\n\t\t\t\t\t\t\t\t\t\t\t\t\t<span class=\"elementor-accordion-icon elementor-accordion-icon-left\" aria-hidden=\"true\">\n\t\t\t\t\t\t\t\t\t\t\t\t\t\t\t<span class=\"elementor-accordion-icon-closed\"><i class=\"fas fa-caret-down\"><\/i><\/span>\n\t\t\t\t\t\t\t\t<span class=\"elementor-accordion-icon-opened\"><i class=\"fas fa-minus\"><\/i><\/span>\n\t\t\t\t\t\t\t\t\t\t\t\t\t\t<\/span>\n\t\t\t\t\t\t\t\t\t\t\t\t<a class=\"elementor-accordion-title\" tabindex=\"0\">Proyecto \u201cConstruyendo Sue\u00f1os\u201d durante la cuarentena<\/a>\n\t\t\t\t\t<\/div>\n\t\t\t\t\t<div id=\"elementor-tab-content-9513\" class=\"elementor-tab-content elementor-clearfix\" data-tab=\"3\" role=\"region\" aria-labelledby=\"elementor-tab-title-9513\"><p>Los talleres que, funcionaban con los mejores \u00e1nimos, han sido suspendidos en el inicio de la cuarentena Covid-19; as\u00ed como la producci\u00f3n de artesan\u00edas que, en muchos casos, garantizan el sustento de las familias. Ha habido familias que se han visto en la necesidad de empe\u00f1ar sus m\u00e1quinas de costura. Asimismo, muchas mam\u00e1s no tienen acceso a un celular por el momento, lo cual dificulta la comunicaci\u00f3n. Se aumentan los casos de violencia dom\u00e9stica en las casas, entre otros problemas de orden emocional\/psicol\u00f3gico.<\/p><\/div>\n\t\t\t\t<\/div>\n\t\t\t\t\t\t\t<div class=\"elementor-accordion-item\">\n\t\t\t\t\t<div id=\"elementor-tab-title-9514\" class=\"elementor-tab-title\" data-tab=\"4\" role=\"button\" aria-controls=\"elementor-tab-content-9514\" aria-expanded=\"false\">\n\t\t\t\t\t\t\t\t\t\t\t\t\t<span class=\"elementor-accordion-icon elementor-accordion-icon-left\" aria-hidden=\"true\">\n\t\t\t\t\t\t\t\t\t\t\t\t\t\t\t<span class=\"elementor-accordion-icon-closed\"><i class=\"fas fa-caret-down\"><\/i><\/span>\n\t\t\t\t\t\t\t\t<span class=\"elementor-accordion-icon-opened\"><i class=\"fas fa-minus\"><\/i><\/span>\n\t\t\t\t\t\t\t\t\t\t\t\t\t\t<\/span>\n\t\t\t\t\t\t\t\t\t\t\t\t<a class=\"elementor-accordion-title\" tabindex=\"0\">Nuevas necesidades \u2013 Acciones durante la pandemia COVID\/19<\/a>\n\t\t\t\t\t<\/div>\n\t\t\t\t\t<div id=\"elementor-tab-content-9514\" class=\"elementor-tab-content elementor-clearfix\" data-tab=\"4\" role=\"region\" aria-labelledby=\"elementor-tab-title-9514\"><p>La pandemia Covid-19, ha representado para los pacientes con c\u00e1ncer y para las instituciones que apoyan diariamente a los mismos, un torbellino de necesidades diarias, a parte de la paralizaci\u00f3n de los proyectos de autosustento. Las familias se encuentran con dificultades econ\u00f3micas, sin trabajo y con sus hijos en medio de tratamientos que no se pueden suspender. La presidenta de Gotita Roja-Bolivia, visita a todas las madres\/padres de la asociaci\u00f3n, a fin de descubrir las reales necesidades de cada una, y poder organizar junto a las voluntarias activas, un plan de acci\u00f3n para dar soporte a estas familias en ese momento dif\u00edcil.<\/p><\/div>\n\t\t\t\t<\/div>\n\t\t\t\t\t\t\t<div class=\"elementor-accordion-item\">\n\t\t\t\t\t<div id=\"elementor-tab-title-9515\" class=\"elementor-tab-title\" data-tab=\"5\" role=\"button\" aria-controls=\"elementor-tab-content-9515\" aria-expanded=\"false\">\n\t\t\t\t\t\t\t\t\t\t\t\t\t<span class=\"elementor-accordion-icon elementor-accordion-icon-left\" aria-hidden=\"true\">\n\t\t\t\t\t\t\t\t\t\t\t\t\t\t\t<span class=\"elementor-accordion-icon-closed\"><i class=\"fas fa-caret-down\"><\/i><\/span>\n\t\t\t\t\t\t\t\t<span class=\"elementor-accordion-icon-opened\"><i class=\"fas fa-minus\"><\/i><\/span>\n\t\t\t\t\t\t\t\t\t\t\t\t\t\t<\/span>\n\t\t\t\t\t\t\t\t\t\t\t\t<a class=\"elementor-accordion-title\" tabindex=\"0\">Donacion de alimentos \u201cAlimento para todos\u201d<\/a>\n\t\t\t\t\t<\/div>\n\t\t\t\t\t<div id=\"elementor-tab-content-9515\" class=\"elementor-tab-content elementor-clearfix\" data-tab=\"5\" role=\"region\" aria-labelledby=\"elementor-tab-title-9515\"><p>En conjunto con Manos en Acci\u00f3n, la Escuelita Intrahospitalaria del Instituto Oncol\u00f3gico del Oriente Boliviano, la Asociaci\u00f3n de Padres de ni\u00f1os con C\u00e1ncer y voluntarios amigos, se ha realizado la donaci\u00f3n de 500 bolsas de alimentos.<\/p><p>Por tratarse de grupos de riesgo, los alimentos han sido llevados casa por casa, con todas las medidas de seguridad necesarias.<\/p><\/div>\n\t\t\t\t<\/div>\n\t\t\t\t\t\t\t<div class=\"elementor-accordion-item\">\n\t\t\t\t\t<div id=\"elementor-tab-title-9516\" class=\"elementor-tab-title\" data-tab=\"6\" role=\"button\" aria-controls=\"elementor-tab-content-9516\" aria-expanded=\"false\">\n\t\t\t\t\t\t\t\t\t\t\t\t\t<span class=\"elementor-accordion-icon elementor-accordion-icon-left\" aria-hidden=\"true\">\n\t\t\t\t\t\t\t\t\t\t\t\t\t\t\t<span class=\"elementor-accordion-icon-closed\"><i class=\"fas fa-caret-down\"><\/i><\/span>\n\t\t\t\t\t\t\t\t<span class=\"elementor-accordion-icon-opened\"><i class=\"fas fa-minus\"><\/i><\/span>\n\t\t\t\t\t\t\t\t\t\t\t\t\t\t<\/span>\n\t\t\t\t\t\t\t\t\t\t\t\t<a class=\"elementor-accordion-title\" tabindex=\"0\">Transporte de pacientes \u201cEl COVID no  nos impide de llegar\u201d<\/a>\n\t\t\t\t\t<\/div>\n\t\t\t\t\t<div id=\"elementor-tab-content-9516\" class=\"elementor-tab-content elementor-clearfix\" data-tab=\"6\" role=\"region\" aria-labelledby=\"elementor-tab-title-9516\"><p>Gotita Roja asume el compromiso del pago del transporte de ni\u00f1os con c\u00e1ncer, de sus domicilios al Intituto Oncol\u00f3gico y retorno a casa, se ha cubierto el transporte incluso hasta las provincias m\u00e1s cercanas. A trav\u00e9s de las redes sociales, amigos de Gotita Roja apoyaron con donaciones a la causa y tambi\u00e9n fue posible la recaudaci\u00f3n de fondos a trav\u00e9s de eventos virtuales organizados por la Asociacion de Triatlon Santa Cruz y Jeronimo Cabrera, un emprendedor y Couch Nacional.<\/p><\/div>\n\t\t\t\t<\/div>\n\t\t\t\t\t\t\t<div class=\"elementor-accordion-item\">\n\t\t\t\t\t<div id=\"elementor-tab-title-9517\" class=\"elementor-tab-title\" data-tab=\"7\" role=\"button\" aria-controls=\"elementor-tab-content-9517\" aria-expanded=\"false\">\n\t\t\t\t\t\t\t\t\t\t\t\t\t<span class=\"elementor-accordion-icon elementor-accordion-icon-left\" aria-hidden=\"true\">\n\t\t\t\t\t\t\t\t\t\t\t\t\t\t\t<span class=\"elementor-accordion-icon-closed\"><i class=\"fas fa-caret-down\"><\/i><\/span>\n\t\t\t\t\t\t\t\t<span class=\"elementor-accordion-icon-opened\"><i class=\"fas fa-minus\"><\/i><\/span>\n\t\t\t\t\t\t\t\t\t\t\t\t\t\t<\/span>\n\t\t\t\t\t\t\t\t\t\t\t\t<a class=\"elementor-accordion-title\" tabindex=\"0\">Pago de estudios de COVID-19<\/a>\n\t\t\t\t\t<\/div>\n\t\t\t\t\t<div id=\"elementor-tab-content-9517\" class=\"elementor-tab-content elementor-clearfix\" data-tab=\"7\" role=\"region\" aria-labelledby=\"elementor-tab-title-9517\"><p>En algunas temporadas, los resultados de las pruebas de Covid-19 en las instituciones publicas demoran alrededor de 30 dias. En tal sentido, Gotita Roja decide apoyar con el pago de los estudios en laboratorios autorizados, dado el alto riesgo de contagio y la alta vulnerabilidad de los pacientes. Esta necesidad ha crecido de forma descomunal, se han efectuado hasta la fecha 40 estudios PCR en forma particular y realizado la donaci\u00f3n de 60 pruebas rapidas para los padres.<\/p><\/div>\n\t\t\t\t<\/div>\n\t\t\t\t\t\t\t<div class=\"elementor-accordion-item\">\n\t\t\t\t\t<div id=\"elementor-tab-title-9518\" class=\"elementor-tab-title\" data-tab=\"8\" role=\"button\" aria-controls=\"elementor-tab-content-9518\" aria-expanded=\"false\">\n\t\t\t\t\t\t\t\t\t\t\t\t\t<span class=\"elementor-accordion-icon elementor-accordion-icon-left\" aria-hidden=\"true\">\n\t\t\t\t\t\t\t\t\t\t\t\t\t\t\t<span class=\"elementor-accordion-icon-closed\"><i class=\"fas fa-caret-down\"><\/i><\/span>\n\t\t\t\t\t\t\t\t<span class=\"elementor-accordion-icon-opened\"><i class=\"fas fa-minus\"><\/i><\/span>\n\t\t\t\t\t\t\t\t\t\t\t\t\t\t<\/span>\n\t\t\t\t\t\t\t\t\t\t\t\t<a class=\"elementor-accordion-title\" tabindex=\"0\">COVID-19<\/a>\n\t\t\t\t\t<\/div>\n\t\t\t\t\t<div id=\"elementor-tab-content-9518\" class=\"elementor-tab-content elementor-clearfix\" data-tab=\"8\" role=\"region\" aria-labelledby=\"elementor-tab-title-9518\"><p>Gran parte de las donaciones que recibe Gotita Roja, provienen de las actividades que realizan empresas amigas en pro de los pacientes. Las ferias son una fuente importante de recaudaciones, asi como los donantes an\u00f3nimos. Adem\u00e1s, de un porcentaje que proviene de Suiza. Dadas las condiciones actuales, las donaciones se han visto considerablemente afectadas. Debido a ello, Voluntarias de Gotita Roja, han movido y motivado a sus amigos a formar un grupo que soporte a Super Quimio y Sembrando Futuro, proyectos muy importantes, donde existe un compromiso asumido con los pacientes de contar con el medicamento requerido.<\/p><p>Es asi que se forma el grupo <strong><u>Amigos de Gotita contra el COVID-19<\/u><\/strong>, 6 donantes se comprometen a cubrir los medicamentos requeridos durante la cuarentena. Ha sido un respaldo importante para los pacientes, gracias a ellos no se ha paralizado el proyecto Super Quimio y Sembrando Futuro.<\/p><\/div>\n\t\t\t\t<\/div>\n\t\t\t\t\t\t\t<div class=\"elementor-accordion-item\">\n\t\t\t\t\t<div id=\"elementor-tab-title-9519\" class=\"elementor-tab-title\" data-tab=\"9\" role=\"button\" aria-controls=\"elementor-tab-content-9519\" aria-expanded=\"false\">\n\t\t\t\t\t\t\t\t\t\t\t\t\t<span class=\"elementor-accordion-icon elementor-accordion-icon-left\" aria-hidden=\"true\">\n\t\t\t\t\t\t\t\t\t\t\t\t\t\t\t<span class=\"elementor-accordion-icon-closed\"><i class=\"fas fa-caret-down\"><\/i><\/span>\n\t\t\t\t\t\t\t\t<span class=\"elementor-accordion-icon-opened\"><i class=\"fas fa-minus\"><\/i><\/span>\n\t\t\t\t\t\t\t\t\t\t\t\t\t\t<\/span>\n\t\t\t\t\t\t\t\t\t\t\t\t<a class=\"elementor-accordion-title\" tabindex=\"0\">Eventos organizados para ayudar a Gotita Roja <\/a>\n\t\t\t\t\t<\/div>\n\t\t\t\t\t<div id=\"elementor-tab-content-9519\" class=\"elementor-tab-content elementor-clearfix\" data-tab=\"9\" role=\"region\" aria-labelledby=\"elementor-tab-title-9519\"><p>Empresas y amigos de Gotita Roja se movilizaron para organizar algunos eventos con donaciones totales o parciales para Gotita Roja, a fin de contribuir con los gastos de transporte, log\u00edstica en la distribuci\u00f3n de alimentos y pago de estudios de Covid-19.<\/p><\/div>\n\t\t\t\t<\/div>\n\t\t\t\t\t\t\t<div class=\"elementor-accordion-item\">\n\t\t\t\t\t<div id=\"elementor-tab-title-95110\" class=\"elementor-tab-title\" data-tab=\"10\" role=\"button\" aria-controls=\"elementor-tab-content-95110\" aria-expanded=\"false\">\n\t\t\t\t\t\t\t\t\t\t\t\t\t<span class=\"elementor-accordion-icon elementor-accordion-icon-left\" aria-hidden=\"true\">\n\t\t\t\t\t\t\t\t\t\t\t\t\t\t\t<span class=\"elementor-accordion-icon-closed\"><i class=\"fas fa-caret-down\"><\/i><\/span>\n\t\t\t\t\t\t\t\t<span class=\"elementor-accordion-icon-opened\"><i class=\"fas fa-minus\"><\/i><\/span>\n\t\t\t\t\t\t\t\t\t\t\t\t\t\t<\/span>\n\t\t\t\t\t\t\t\t\t\t\t\t<a class=\"elementor-accordion-title\" tabindex=\"0\">Log\u00edstica en la entrega de materiales para confecci\u00f3n de artesan\u00edas<\/a>\n\t\t\t\t\t<\/div>\n\t\t\t\t\t<div id=\"elementor-tab-content-95110\" class=\"elementor-tab-content elementor-clearfix\" data-tab=\"10\" role=\"region\" aria-labelledby=\"elementor-tab-title-95110\"><p>\u00a0Con la suspensi\u00f3n de los talleres y frente a la necesidad de las familias de cubrir costos b\u00e1sicos como alquiler, gas, luz, etc., los voluntarios de Gotita Roja trabajan en una nueva log\u00edstica para entrega de materiales y colecta de productos, as\u00ed muchas de las mam\u00e1s pudieron continuar con su labor desde sus casas.<\/p><\/div>\n\t\t\t\t<\/div>\n\t\t\t\t\t\t\t<div class=\"elementor-accordion-item\">\n\t\t\t\t\t<div id=\"elementor-tab-title-95111\" class=\"elementor-tab-title\" data-tab=\"11\" role=\"button\" aria-controls=\"elementor-tab-content-95111\" aria-expanded=\"false\">\n\t\t\t\t\t\t\t\t\t\t\t\t\t<span class=\"elementor-accordion-icon elementor-accordion-icon-left\" aria-hidden=\"true\">\n\t\t\t\t\t\t\t\t\t\t\t\t\t\t\t<span class=\"elementor-accordion-icon-closed\"><i class=\"fas fa-caret-down\"><\/i><\/span>\n\t\t\t\t\t\t\t\t<span class=\"elementor-accordion-icon-opened\"><i class=\"fas fa-minus\"><\/i><\/span>\n\t\t\t\t\t\t\t\t\t\t\t\t\t\t<\/span>\n\t\t\t\t\t\t\t\t\t\t\t\t<a class=\"elementor-accordion-title\" tabindex=\"0\">Ferias en los condominios cerrados y Ferias virtuales <\/a>\n\t\t\t\t\t<\/div>\n\t\t\t\t\t<div id=\"elementor-tab-content-95111\" class=\"elementor-tab-content elementor-clearfix\" data-tab=\"11\" role=\"region\" aria-labelledby=\"elementor-tab-title-95111\"><p>Con la ayuda de voluntarios que viven en condominios cerrados, se organizaron ferias en los parqueos de los mismos, a fin de exponer los productos confeccionados por las madres\/padres de pacientes, y lograr con la ayuda de los vecinos, recaudar fondos para cubrir costos basicos de las familias. Con el mismo objetivo, se organizaron ferias virtuales, exponiendo productos disponibles en Gotita Roja.<\/p><\/div>\n\t\t\t\t<\/div>\n\t\t\t\t\t\t\t<div class=\"elementor-accordion-item\">\n\t\t\t\t\t<div id=\"elementor-tab-title-95112\" class=\"elementor-tab-title\" data-tab=\"12\" role=\"button\" aria-controls=\"elementor-tab-content-95112\" aria-expanded=\"false\">\n\t\t\t\t\t\t\t\t\t\t\t\t\t<span class=\"elementor-accordion-icon elementor-accordion-icon-left\" aria-hidden=\"true\">\n\t\t\t\t\t\t\t\t\t\t\t\t\t\t\t<span class=\"elementor-accordion-icon-closed\"><i class=\"fas fa-caret-down\"><\/i><\/span>\n\t\t\t\t\t\t\t\t<span class=\"elementor-accordion-icon-opened\"><i class=\"fas fa-minus\"><\/i><\/span>\n\t\t\t\t\t\t\t\t\t\t\t\t\t\t<\/span>\n\t\t\t\t\t\t\t\t\t\t\t\t<a class=\"elementor-accordion-title\" tabindex=\"0\">Evento \u201cConcurso de Postales 2020\u201d <\/a>\n\t\t\t\t\t<\/div>\n\t\t\t\t\t<div id=\"elementor-tab-content-95112\" class=\"elementor-tab-content elementor-clearfix\" data-tab=\"12\" role=\"region\" aria-labelledby=\"elementor-tab-title-95112\"><p>Frente el aislamiento social, necesario por el Covid-19, Gotita Roja lanza el Concurso de postales \u201cbuenos momentos\u201d, con el objetivo de crear una actividad en familia, al mismo tiempo que una actividad solidaria, ya que el dinero recaudado a trav\u00e9s de las inscripciones fue destinado a la compra de medicamentos para el tratamiento de los pacientes de c\u00e1ncer.<\/p><\/div>\n\t\t\t\t<\/div>\n\t\t\t\t\t\t\t<div class=\"elementor-accordion-item\">\n\t\t\t\t\t<div id=\"elementor-tab-title-95113\" class=\"elementor-tab-title\" data-tab=\"13\" role=\"button\" aria-controls=\"elementor-tab-content-95113\" aria-expanded=\"false\">\n\t\t\t\t\t\t\t\t\t\t\t\t\t<span class=\"elementor-accordion-icon elementor-accordion-icon-left\" aria-hidden=\"true\">\n\t\t\t\t\t\t\t\t\t\t\t\t\t\t\t<span class=\"elementor-accordion-icon-closed\"><i class=\"fas fa-caret-down\"><\/i><\/span>\n\t\t\t\t\t\t\t\t<span class=\"elementor-accordion-icon-opened\"><i class=\"fas fa-minus\"><\/i><\/span>\n\t\t\t\t\t\t\t\t\t\t\t\t\t\t<\/span>\n\t\t\t\t\t\t\t\t\t\t\t\t<a class=\"elementor-accordion-title\" tabindex=\"0\">Ampliaci\u00f3n de las plataformas y redes sociales<\/a>\n\t\t\t\t\t<\/div>\n\t\t\t\t\t<div id=\"elementor-tab-content-95113\" class=\"elementor-tab-content elementor-clearfix\" data-tab=\"13\" role=\"region\" aria-labelledby=\"elementor-tab-title-95113\"><p>Nuestro crecimiento nos empuja a participar activamente de las redes sociales, se hace inminente nuestro paso por Instagram y Facebook, creamos nuestra pagina web que permite conocer nuestro trabajo a lo largo de los a\u00f1os,<\/p><p>Te invitamos a seguirnos en las redes sociales.<\/p><\/div>\n\t\t\t\t<\/div>\n\t\t\t\t\t\t\t\t<\/div>\n\t\t\t\t<\/div>\n\t\t\t\t<\/div>\n\t\t\t\t<div class=\"elementor-element elementor-element-d45e42a elementor-widget elementor-widget-heading\" data-id=\"d45e42a\" data-element_type=\"widget\" data-widget_type=\"heading.default\">\n\t\t\t\t<div class=\"elementor-widget-container\">\n\t\t\t<h4 class=\"elementor-heading-title elementor-size-default\">2021<\/h4>\t\t<\/div>\n\t\t\t\t<\/div>\n\t\t\t\t<div class=\"elementor-element elementor-element-d574cb9 elementor-widget elementor-widget-accordion\" data-id=\"d574cb9\" data-element_type=\"widget\" data-widget_type=\"accordion.default\">\n\t\t\t\t<div class=\"elementor-widget-container\">\n\t\t\t\t\t<div class=\"elementor-accordion\">\n\t\t\t\t\t\t\t<div class=\"elementor-accordion-item\">\n\t\t\t\t\t<div id=\"elementor-tab-title-2231\" class=\"elementor-tab-title\" data-tab=\"1\" role=\"button\" aria-controls=\"elementor-tab-content-2231\" aria-expanded=\"false\">\n\t\t\t\t\t\t\t\t\t\t\t\t\t<span class=\"elementor-accordion-icon elementor-accordion-icon-left\" aria-hidden=\"true\">\n\t\t\t\t\t\t\t\t\t\t\t\t\t\t\t<span class=\"elementor-accordion-icon-closed\"><i class=\"fas fa-caret-down\"><\/i><\/span>\n\t\t\t\t\t\t\t\t<span class=\"elementor-accordion-icon-opened\"><i class=\"fas fa-minus\"><\/i><\/span>\n\t\t\t\t\t\t\t\t\t\t\t\t\t\t<\/span>\n\t\t\t\t\t\t\t\t\t\t\t\t<a class=\"elementor-accordion-title\" tabindex=\"0\">Apoyo del Mall las Brisas a Gotita Roja<\/a>\n\t\t\t\t\t<\/div>\n\t\t\t\t\t<div id=\"elementor-tab-content-2231\" class=\"elementor-tab-content elementor-clearfix\" data-tab=\"1\" role=\"region\" aria-labelledby=\"elementor-tab-title-2231\"><p><img loading=\"lazy\" decoding=\"async\" data-recalc-dims=\"1\" class=\"alignnone  wp-image-7868 aligncenter\" src=\"https:\/\/i0.wp.com\/gotitarojabolivia.org.bo\/wp-content\/uploads\/2023\/05\/WhatsApp-Image-2023-05-05-at-7.19.42-AM.jpeg?resize=367%2C367&#038;ssl=1\" alt=\"\" width=\"367\" height=\"367\" srcset=\"https:\/\/i0.wp.com\/gotitarojabolivia.org.bo\/wp-content\/uploads\/2023\/05\/WhatsApp-Image-2023-05-05-at-7.19.42-AM.jpeg?w=1200&amp;ssl=1 1200w, https:\/\/i0.wp.com\/gotitarojabolivia.org.bo\/wp-content\/uploads\/2023\/05\/WhatsApp-Image-2023-05-05-at-7.19.42-AM.jpeg?resize=300%2C300&amp;ssl=1 300w, https:\/\/i0.wp.com\/gotitarojabolivia.org.bo\/wp-content\/uploads\/2023\/05\/WhatsApp-Image-2023-05-05-at-7.19.42-AM.jpeg?resize=1024%2C1024&amp;ssl=1 1024w, https:\/\/i0.wp.com\/gotitarojabolivia.org.bo\/wp-content\/uploads\/2023\/05\/WhatsApp-Image-2023-05-05-at-7.19.42-AM.jpeg?resize=150%2C150&amp;ssl=1 150w, https:\/\/i0.wp.com\/gotitarojabolivia.org.bo\/wp-content\/uploads\/2023\/05\/WhatsApp-Image-2023-05-05-at-7.19.42-AM.jpeg?resize=768%2C768&amp;ssl=1 768w, https:\/\/i0.wp.com\/gotitarojabolivia.org.bo\/wp-content\/uploads\/2023\/05\/WhatsApp-Image-2023-05-05-at-7.19.42-AM.jpeg?resize=600%2C600&amp;ssl=1 600w, https:\/\/i0.wp.com\/gotitarojabolivia.org.bo\/wp-content\/uploads\/2023\/05\/WhatsApp-Image-2023-05-05-at-7.19.42-AM.jpeg?resize=100%2C100&amp;ssl=1 100w, https:\/\/i0.wp.com\/gotitarojabolivia.org.bo\/wp-content\/uploads\/2023\/05\/WhatsApp-Image-2023-05-05-at-7.19.42-AM.jpeg?resize=460%2C460&amp;ssl=1 460w\" sizes=\"auto, (max-width: 367px) 100vw, 367px\" \/><\/p><p>El coraz\u00f3n altruista de el Mall las Brisas nos abre las puertas, permiti\u00e9ndonos armar un stand en su espacio, por el lapso de 6 meses.<\/p><p>Este hecho permite que las mamas de ni\u00f1os con c\u00e1ncer aprendan distintas actividades, como atenci\u00f3n al publico directamente, tienen acceso a sistemas de comunicaci\u00f3n y captaci\u00f3n de\u00a0<span style=\"color: var( --e-global-color-text ); font-family: var( --e-global-typography-text-font-family ), Sans-serif; font-size: var( --e-global-typography-text-font-size ); font-weight: var( --e-global-typography-text-font-weight ); background-color: var(--nv-site-bg); letter-spacing: var(--bodyletterspacing); text-transform: var(--bodytexttransform);\">donaciones directamente y diariamente, significa un crecimiento para las mamas y nuestra instituci\u00f3n, muchos donantes se inician como donantes asiduos.<\/span><\/p><p>Estamos infinitamente agradecidos por este lindo gesto del Mall las brisas, que sin\u00a0 notarlo han permitido un crecimiento importante.<\/p><p>GRACIAS<\/p><\/div>\n\t\t\t\t<\/div>\n\t\t\t\t\t\t\t<div class=\"elementor-accordion-item\">\n\t\t\t\t\t<div id=\"elementor-tab-title-2232\" class=\"elementor-tab-title\" data-tab=\"2\" role=\"button\" aria-controls=\"elementor-tab-content-2232\" aria-expanded=\"false\">\n\t\t\t\t\t\t\t\t\t\t\t\t\t<span class=\"elementor-accordion-icon elementor-accordion-icon-left\" aria-hidden=\"true\">\n\t\t\t\t\t\t\t\t\t\t\t\t\t\t\t<span class=\"elementor-accordion-icon-closed\"><i class=\"fas fa-caret-down\"><\/i><\/span>\n\t\t\t\t\t\t\t\t<span class=\"elementor-accordion-icon-opened\"><i class=\"fas fa-minus\"><\/i><\/span>\n\t\t\t\t\t\t\t\t\t\t\t\t\t\t<\/span>\n\t\t\t\t\t\t\t\t\t\t\t\t<a class=\"elementor-accordion-title\" tabindex=\"0\">Manual de inserci\u00f3n escolar para pacientes con c\u00e1ncer<\/a>\n\t\t\t\t\t<\/div>\n\t\t\t\t\t<div id=\"elementor-tab-content-2232\" class=\"elementor-tab-content elementor-clearfix\" data-tab=\"2\" role=\"region\" aria-labelledby=\"elementor-tab-title-2232\"><p>M\u00f3nica Garc\u00eda, una estudiante de Psicopedagog\u00eda, elabora como tesis de grado, un manual de inserci\u00f3n escolar para pacientes con c\u00e1ncer.<\/p><p>Todos los ni\u00f1os y adolescentes con c\u00e1ncer, durante el tratamiento se ven obligados a abandonar el colegio, muchos durante todo el tratamiento, algunos por un tiempo, existen cambios importantes en su estado emocional y f\u00edsico, que resulta de dif\u00edcil comprensi\u00f3n para los compa\u00f1eros, e incluso profesores y el colegio en si.<\/p><p>Nos encantaria decir que son pocos los alumnos pacientes que son discriminados, observados,\u00a0 se ha comprobado que incluso profesores no est\u00e1n informados de la enfermedad y les cuenta orientar y acompa\u00f1ar a sus alumnos pacientes.<\/p><p>M\u00f3nica elabora este manual, con el apoyo de la Profesora de la Escuelita Intrahospitalaria y el de sus docentes, el resultado es este manual que esta orientado a padres, y profesores.<\/p><p>Se captan donaciones de gente amiga y se imprimen 5000 ejemplares que ser\u00e1n entregados a padres y mediante ellos a los profesores.<\/p><p>Estamos seguros que ese manual ser\u00e1 de much\u00edsima utilidad para todo el sistema educativo que esta en contacto con nuestros pacientes.<\/p><p>\u00a0<\/p><\/div>\n\t\t\t\t<\/div>\n\t\t\t\t\t\t\t<div class=\"elementor-accordion-item\">\n\t\t\t\t\t<div id=\"elementor-tab-title-2233\" class=\"elementor-tab-title\" data-tab=\"3\" role=\"button\" aria-controls=\"elementor-tab-content-2233\" aria-expanded=\"false\">\n\t\t\t\t\t\t\t\t\t\t\t\t\t<span class=\"elementor-accordion-icon elementor-accordion-icon-left\" aria-hidden=\"true\">\n\t\t\t\t\t\t\t\t\t\t\t\t\t\t\t<span class=\"elementor-accordion-icon-closed\"><i class=\"fas fa-caret-down\"><\/i><\/span>\n\t\t\t\t\t\t\t\t<span class=\"elementor-accordion-icon-opened\"><i class=\"fas fa-minus\"><\/i><\/span>\n\t\t\t\t\t\t\t\t\t\t\t\t\t\t<\/span>\n\t\t\t\t\t\t\t\t\t\t\t\t<a class=\"elementor-accordion-title\" tabindex=\"0\">Movilizando a toda la sociedad para la colecta de fondos.<\/a>\n\t\t\t\t\t<\/div>\n\t\t\t\t\t<div id=\"elementor-tab-content-2233\" class=\"elementor-tab-content elementor-clearfix\" data-tab=\"3\" role=\"region\" aria-labelledby=\"elementor-tab-title-2233\"><p>La iglesia Cristiana de los \u00faltimos d\u00edas, se movilizan realizando una colecta de Amigurumis, mu\u00f1ecos tejidos en lana e hilo a crochet.\u00a0<\/p><p>La iglesia propone a sus seguidores formar grupos por barrios y tejer la mayor cantidad de amigurumis para que sean donados a nuestra instituci\u00f3n, se organizan algunas reuniones para explicar el trabajo de forma virtual a los seguidores, y se explica el trabajo a realizar, los materiales y bases para la elaboraci\u00f3n de los mismos.<\/p><p>concluidos dos meses aproximadamente el resultado de este gesto y movimiento en la iglesia da sus frutos 900 aproximadamente amigurumis.<\/p><p>Llegan a gotita art\u00edculos majestuosos, desde mu\u00f1ecas, animales, muecos de historietas y muchos otros, los mismos son puestos a disposici\u00f3n de los donantes en ferias y en nuestro taller para lograr una captaci\u00f3n de donaciones, el valor de la donaci\u00f3n asciende a 35000 bolivianos aproximadamente. logrando que nuestro apoyo a los pacientes con cancer se haga efectivo.<\/p><\/div>\n\t\t\t\t<\/div>\n\t\t\t\t\t\t\t<div class=\"elementor-accordion-item\">\n\t\t\t\t\t<div id=\"elementor-tab-title-2234\" class=\"elementor-tab-title\" data-tab=\"4\" role=\"button\" aria-controls=\"elementor-tab-content-2234\" aria-expanded=\"false\">\n\t\t\t\t\t\t\t\t\t\t\t\t\t<span class=\"elementor-accordion-icon elementor-accordion-icon-left\" aria-hidden=\"true\">\n\t\t\t\t\t\t\t\t\t\t\t\t\t\t\t<span class=\"elementor-accordion-icon-closed\"><i class=\"fas fa-caret-down\"><\/i><\/span>\n\t\t\t\t\t\t\t\t<span class=\"elementor-accordion-icon-opened\"><i class=\"fas fa-minus\"><\/i><\/span>\n\t\t\t\t\t\t\t\t\t\t\t\t\t\t<\/span>\n\t\t\t\t\t\t\t\t\t\t\t\t<a class=\"elementor-accordion-title\" tabindex=\"0\">Logros Nuevos<\/a>\n\t\t\t\t\t<\/div>\n\t\t\t\t\t<div id=\"elementor-tab-content-2234\" class=\"elementor-tab-content elementor-clearfix\" data-tab=\"4\" role=\"region\" aria-labelledby=\"elementor-tab-title-2234\"><p>Los pacientes con c\u00e1ncer de mama, son la poblaci\u00f3n mayor, al estar nuestro taller tan cerca del Oncol\u00f3gico, un gran numero de pacientes se acercan a nuestras instalaciones, con el fin de solicitar ayuda, nuestros proyectos siempre han estado enfocados en pacientes con leucemia y pediatr\u00eda, sin embargo al recibir tantos pacientes adultos con c\u00e1ncer de mama hemos decidido solicitar apoyo a la sociedad para este sector.<\/p><p>Empresas importantes de nuestro medio se suman a Gotita y organizan eventos en favor de los pacientes con c\u00e1ncer de mama, \u00abMujeres con Huevos\u00bb, organizado por Huevos colorado, organiza una sesi\u00f3n fotogr\u00e1fica que ayude a recaudar fondos. la misma es todo un \u00e9xito.<\/p><p>La participaci\u00f3n de los j\u00f3venes en actividades que impliquen la colecta de fondos siempre llega como una gotita importante, no solo por el monto recaudado sino por la movilizaci\u00f3n de la sociedad, nos motiva, Alumnos del colegio alem\u00e1n en conjunto con el colegio de Ingenieros de Santa Cruz realizan una donaci\u00f3n de computadoras y celulares para las clases virtuales de nuestros pacientes.\u00a0<\/p><\/div>\n\t\t\t\t<\/div>\n\t\t\t\t\t\t\t\t<\/div>\n\t\t\t\t<\/div>\n\t\t\t\t<\/div>\n\t\t\t\t<div class=\"elementor-element elementor-element-c3f1cd4 elementor-widget elementor-widget-heading\" data-id=\"c3f1cd4\" data-element_type=\"widget\" data-widget_type=\"heading.default\">\n\t\t\t\t<div class=\"elementor-widget-container\">\n\t\t\t<h4 class=\"elementor-heading-title elementor-size-default\">2022<\/h4>\t\t<\/div>\n\t\t\t\t<\/div>\n\t\t\t\t<div class=\"elementor-element elementor-element-029d7fa elementor-widget elementor-widget-accordion\" data-id=\"029d7fa\" data-element_type=\"widget\" data-widget_type=\"accordion.default\">\n\t\t\t\t<div class=\"elementor-widget-container\">\n\t\t\t\t\t<div class=\"elementor-accordion\">\n\t\t\t\t\t\t\t<div class=\"elementor-accordion-item\">\n\t\t\t\t\t<div id=\"elementor-tab-title-2741\" class=\"elementor-tab-title\" data-tab=\"1\" role=\"button\" aria-controls=\"elementor-tab-content-2741\" aria-expanded=\"false\">\n\t\t\t\t\t\t\t\t\t\t\t\t\t<span class=\"elementor-accordion-icon elementor-accordion-icon-left\" aria-hidden=\"true\">\n\t\t\t\t\t\t\t\t\t\t\t\t\t\t\t<span class=\"elementor-accordion-icon-closed\"><i class=\"fas fa-caret-down\"><\/i><\/span>\n\t\t\t\t\t\t\t\t<span class=\"elementor-accordion-icon-opened\"><i class=\"fas fa-minus\"><\/i><\/span>\n\t\t\t\t\t\t\t\t\t\t\t\t\t\t<\/span>\n\t\t\t\t\t\t\t\t\t\t\t\t<a class=\"elementor-accordion-title\" tabindex=\"0\">Volviendo a Normalidad<\/a>\n\t\t\t\t\t<\/div>\n\t\t\t\t\t<div id=\"elementor-tab-content-2741\" class=\"elementor-tab-content elementor-clearfix\" data-tab=\"1\" role=\"region\" aria-labelledby=\"elementor-tab-title-2741\"><p>El a\u00f1o 2022 despu\u00e9s de la pandemia normalizamos nuestras actividades, Por fin, podemos decir que volvimos a la normalidad, iniciamos todos nuestros proyectos y sobre todo pudimos vernos todos los dias, eso es lo mas gratificante para las mamas.<\/p><p>Comenzamos el a\u00f1o haciendo unas \u00abCoquedamas\u00bb, asi dimos inicio a nuestras actividades con risas y abrazos despues de la pandemia<\/p><\/div>\n\t\t\t\t<\/div>\n\t\t\t\t\t\t\t<div class=\"elementor-accordion-item\">\n\t\t\t\t\t<div id=\"elementor-tab-title-2742\" class=\"elementor-tab-title\" data-tab=\"2\" role=\"button\" aria-controls=\"elementor-tab-content-2742\" aria-expanded=\"false\">\n\t\t\t\t\t\t\t\t\t\t\t\t\t<span class=\"elementor-accordion-icon elementor-accordion-icon-left\" aria-hidden=\"true\">\n\t\t\t\t\t\t\t\t\t\t\t\t\t\t\t<span class=\"elementor-accordion-icon-closed\"><i class=\"fas fa-caret-down\"><\/i><\/span>\n\t\t\t\t\t\t\t\t<span class=\"elementor-accordion-icon-opened\"><i class=\"fas fa-minus\"><\/i><\/span>\n\t\t\t\t\t\t\t\t\t\t\t\t\t\t<\/span>\n\t\t\t\t\t\t\t\t\t\t\t\t<a class=\"elementor-accordion-title\" tabindex=\"0\">Quiero apoyarte- Mam\u00e1s antiguas son \"Profes\"<\/a>\n\t\t\t\t\t<\/div>\n\t\t\t\t\t<div id=\"elementor-tab-content-2742\" class=\"elementor-tab-content elementor-clearfix\" data-tab=\"2\" role=\"region\" aria-labelledby=\"elementor-tab-title-2742\"><p>La pandemia ha tra\u00eddo consigo muchos cambios, internos, familiares, pero sobre todo cambios en la modalidad de trabajo, en el caso de Gotita, hemos decidido trabajar con mayor fuerza con las mam\u00e1s de internaci\u00f3n, su necesidad diaria fue sin duda una de las mas importantes, se pospusieron\u00a0 el armado de grupos y el acompa\u00f1amiento de profesoras voluntarias, las mam\u00e1s mas antiguas de Gotita y que adem\u00e1s son las h\u00e1biles en el trabajo de costura, tejido y bordado han estado directamente relacionadas con el apoyo a las mamas de internaci\u00f3n. Ahora que todo esta en la normalidad, hemos decidido hacerlas \u00abProfesoras\u00bb de los grupos nuevos.<\/p><p>\u00a0<\/p><\/div>\n\t\t\t\t<\/div>\n\t\t\t\t\t\t\t<div class=\"elementor-accordion-item\">\n\t\t\t\t\t<div id=\"elementor-tab-title-2743\" class=\"elementor-tab-title\" data-tab=\"3\" role=\"button\" aria-controls=\"elementor-tab-content-2743\" aria-expanded=\"false\">\n\t\t\t\t\t\t\t\t\t\t\t\t\t<span class=\"elementor-accordion-icon elementor-accordion-icon-left\" aria-hidden=\"true\">\n\t\t\t\t\t\t\t\t\t\t\t\t\t\t\t<span class=\"elementor-accordion-icon-closed\"><i class=\"fas fa-caret-down\"><\/i><\/span>\n\t\t\t\t\t\t\t\t<span class=\"elementor-accordion-icon-opened\"><i class=\"fas fa-minus\"><\/i><\/span>\n\t\t\t\t\t\t\t\t\t\t\t\t\t\t<\/span>\n\t\t\t\t\t\t\t\t\t\t\t\t<a class=\"elementor-accordion-title\" tabindex=\"0\">Apoyos importantes de la Sociedad - Feria del Libro Santa Cruz dona su Gotita<\/a>\n\t\t\t\t\t<\/div>\n\t\t\t\t\t<div id=\"elementor-tab-content-2743\" class=\"elementor-tab-content elementor-clearfix\" data-tab=\"3\" role=\"region\" aria-labelledby=\"elementor-tab-title-2743\"><p><img loading=\"lazy\" decoding=\"async\" data-recalc-dims=\"1\" class=\"aligncenter wp-image-7797 size-large\" src=\"https:\/\/i0.wp.com\/gotitarojabolivia.org.bo\/wp-content\/uploads\/2023\/04\/WhatsApp-Image-2023-04-14-at-3.20.24-PM.jpeg?resize=1024%2C957&#038;ssl=1\" alt=\"\" width=\"1024\" height=\"957\" srcset=\"https:\/\/i0.wp.com\/gotitarojabolivia.org.bo\/wp-content\/uploads\/2023\/04\/WhatsApp-Image-2023-04-14-at-3.20.24-PM.jpeg?w=1080&amp;ssl=1 1080w, https:\/\/i0.wp.com\/gotitarojabolivia.org.bo\/wp-content\/uploads\/2023\/04\/WhatsApp-Image-2023-04-14-at-3.20.24-PM.jpeg?resize=300%2C280&amp;ssl=1 300w, https:\/\/i0.wp.com\/gotitarojabolivia.org.bo\/wp-content\/uploads\/2023\/04\/WhatsApp-Image-2023-04-14-at-3.20.24-PM.jpeg?resize=1024%2C957&amp;ssl=1 1024w, https:\/\/i0.wp.com\/gotitarojabolivia.org.bo\/wp-content\/uploads\/2023\/04\/WhatsApp-Image-2023-04-14-at-3.20.24-PM.jpeg?resize=768%2C718&amp;ssl=1 768w, https:\/\/i0.wp.com\/gotitarojabolivia.org.bo\/wp-content\/uploads\/2023\/04\/WhatsApp-Image-2023-04-14-at-3.20.24-PM.jpeg?resize=600%2C561&amp;ssl=1 600w\" sizes=\"auto, (max-width: 1024px) 100vw, 1024px\" \/><\/p><p>El directorio de la C\u00e1mara del Libro se suma a la lucha del c\u00e1ncer, y propone a nuestra instituci\u00f3n para la recepci\u00f3n de donaciones y entrega a los pacientes con c\u00e1ncer mas necesitados.<\/p><p>Un porcentaje de la entradas a la Feria del Libro es donado por todos los asistentes, el monto asciende a 48.000 Bolivianos, sin duda un aporte importante.<\/p><p>Gracias a todos los asistentes a esta linda feria que promueve la cultura y solidaridad.<\/p><\/div>\n\t\t\t\t<\/div>\n\t\t\t\t\t\t\t<div class=\"elementor-accordion-item\">\n\t\t\t\t\t<div id=\"elementor-tab-title-2744\" class=\"elementor-tab-title\" data-tab=\"4\" role=\"button\" aria-controls=\"elementor-tab-content-2744\" aria-expanded=\"false\">\n\t\t\t\t\t\t\t\t\t\t\t\t\t<span class=\"elementor-accordion-icon elementor-accordion-icon-left\" aria-hidden=\"true\">\n\t\t\t\t\t\t\t\t\t\t\t\t\t\t\t<span class=\"elementor-accordion-icon-closed\"><i class=\"fas fa-caret-down\"><\/i><\/span>\n\t\t\t\t\t\t\t\t<span class=\"elementor-accordion-icon-opened\"><i class=\"fas fa-minus\"><\/i><\/span>\n\t\t\t\t\t\t\t\t\t\t\t\t\t\t<\/span>\n\t\t\t\t\t\t\t\t\t\t\t\t<a class=\"elementor-accordion-title\" tabindex=\"0\">Kiosko Gotita Roja<\/a>\n\t\t\t\t\t<\/div>\n\t\t\t\t\t<div id=\"elementor-tab-content-2744\" class=\"elementor-tab-content elementor-clearfix\" data-tab=\"4\" role=\"region\" aria-labelledby=\"elementor-tab-title-2744\"><p>Nuestro taller nos quedo peque\u00f1o para todo el apoyo recibido por la sociedad, las mamas del oncologico que cada dia son mas y mas.<\/p><p>Tuvimos que construir nuestro Kiosko, amigos de Gotita y jovenes arquitectos dise\u00f1an nuestro espacio que nos permite trabajar mas c\u00f3modos, liberamos el espacio de taller y bajamos todos los productos de las mam\u00e1s al Kiosko de Gotita, el publico nos visita y elige con mucha comodidad sus productos llenos de amor hechos por las mam\u00e1s.<\/p><p>Intentamos siempre pensar en la gente que nos visita, en la comodidad de las mamas y que nuestro trabajo este lleno de cari\u00f1o por donde lo veas\u00a0<\/p><\/div>\n\t\t\t\t<\/div>\n\t\t\t\t\t\t\t<div class=\"elementor-accordion-item\">\n\t\t\t\t\t<div id=\"elementor-tab-title-2745\" class=\"elementor-tab-title\" data-tab=\"5\" role=\"button\" aria-controls=\"elementor-tab-content-2745\" aria-expanded=\"false\">\n\t\t\t\t\t\t\t\t\t\t\t\t\t<span class=\"elementor-accordion-icon elementor-accordion-icon-left\" aria-hidden=\"true\">\n\t\t\t\t\t\t\t\t\t\t\t\t\t\t\t<span class=\"elementor-accordion-icon-closed\"><i class=\"fas fa-caret-down\"><\/i><\/span>\n\t\t\t\t\t\t\t\t<span class=\"elementor-accordion-icon-opened\"><i class=\"fas fa-minus\"><\/i><\/span>\n\t\t\t\t\t\t\t\t\t\t\t\t\t\t<\/span>\n\t\t\t\t\t\t\t\t\t\t\t\t<a class=\"elementor-accordion-title\" tabindex=\"0\">Dia del ni\u00f1o y dia de la Madre<\/a>\n\t\t\t\t\t<\/div>\n\t\t\t\t\t<div id=\"elementor-tab-content-2745\" class=\"elementor-tab-content elementor-clearfix\" data-tab=\"5\" role=\"region\" aria-labelledby=\"elementor-tab-title-2745\"><p><img loading=\"lazy\" decoding=\"async\" data-recalc-dims=\"1\" class=\"alignnone wp-image-7793 size-large\" src=\"https:\/\/i0.wp.com\/gotitarojabolivia.org.bo\/wp-content\/uploads\/2023\/04\/WhatsApp-Image-2023-04-14-at-3.17.07-PM.jpeg?resize=1024%2C461&#038;ssl=1\" alt=\"\" width=\"1024\" height=\"461\" srcset=\"https:\/\/i0.wp.com\/gotitarojabolivia.org.bo\/wp-content\/uploads\/2023\/04\/WhatsApp-Image-2023-04-14-at-3.17.07-PM.jpeg?w=1160&amp;ssl=1 1160w, https:\/\/i0.wp.com\/gotitarojabolivia.org.bo\/wp-content\/uploads\/2023\/04\/WhatsApp-Image-2023-04-14-at-3.17.07-PM.jpeg?resize=300%2C135&amp;ssl=1 300w, https:\/\/i0.wp.com\/gotitarojabolivia.org.bo\/wp-content\/uploads\/2023\/04\/WhatsApp-Image-2023-04-14-at-3.17.07-PM.jpeg?resize=1024%2C461&amp;ssl=1 1024w, https:\/\/i0.wp.com\/gotitarojabolivia.org.bo\/wp-content\/uploads\/2023\/04\/WhatsApp-Image-2023-04-14-at-3.17.07-PM.jpeg?resize=768%2C346&amp;ssl=1 768w, https:\/\/i0.wp.com\/gotitarojabolivia.org.bo\/wp-content\/uploads\/2023\/04\/WhatsApp-Image-2023-04-14-at-3.17.07-PM.jpeg?resize=600%2C270&amp;ssl=1 600w\" sizes=\"auto, (max-width: 1024px) 100vw, 1024px\" \/>Queremos festejar a los Ni\u00f1os y Mam\u00e1s en su d\u00eda con algo enriquecedor, nuestro objetivo es que conozcan lugares encantados de nuestra Santa Cruz,\u00a0<\/p><p>Escogimos para los ni\u00f1os Tapekua Le Mayen, Elizabeth nos dona el alimento, nos permite disfrutar de la naturaleza y divertirnos en un espacio m\u00e1gico para los ni\u00f1os y para las mam\u00e1s. Una experiencia enriquecedora en todo sentido. lo disfrutamos de verdad y lo mas importante, los ni\u00f1os tambi\u00e9n.<\/p><p>El d\u00eda de la madre fue sin duda un d\u00eda de encuentro personal y divertido por dem\u00e1s, nos fuimos a Samaipata, solo mamas sin la compa\u00f1\u00eda de los hijos armamos un grupo que este en condiciones de conocer algo nuevo, con apoyo de nuestros benefactores Suizos ingresamos al fuerte de Samaipata, comimos algo rico y caminamos un mont\u00f3n. jugamos conversamos y re\u00edmos todo el d\u00eda.<\/p><p>Celebramos estas ideas tan llenas de conocimiento y crecimiento personal.<\/p><p><img loading=\"lazy\" decoding=\"async\" data-recalc-dims=\"1\" class=\"aligncenter wp-image-7794 size-large\" src=\"https:\/\/i0.wp.com\/gotitarojabolivia.org.bo\/wp-content\/uploads\/2023\/04\/WhatsApp-Image-2023-04-14-at-3.17.08-PM-2.jpeg?resize=461%2C1024&#038;ssl=1\" alt=\"\" width=\"461\" height=\"1024\" srcset=\"https:\/\/i0.wp.com\/gotitarojabolivia.org.bo\/wp-content\/uploads\/2023\/04\/WhatsApp-Image-2023-04-14-at-3.17.08-PM-2.jpeg?w=522&amp;ssl=1 522w, https:\/\/i0.wp.com\/gotitarojabolivia.org.bo\/wp-content\/uploads\/2023\/04\/WhatsApp-Image-2023-04-14-at-3.17.08-PM-2.jpeg?resize=135%2C300&amp;ssl=1 135w, https:\/\/i0.wp.com\/gotitarojabolivia.org.bo\/wp-content\/uploads\/2023\/04\/WhatsApp-Image-2023-04-14-at-3.17.08-PM-2.jpeg?resize=461%2C1024&amp;ssl=1 461w\" sizes=\"auto, (max-width: 461px) 100vw, 461px\" \/><\/p><\/div>\n\t\t\t\t<\/div>\n\t\t\t\t\t\t\t<div class=\"elementor-accordion-item\">\n\t\t\t\t\t<div id=\"elementor-tab-title-2746\" class=\"elementor-tab-title\" data-tab=\"6\" role=\"button\" aria-controls=\"elementor-tab-content-2746\" aria-expanded=\"false\">\n\t\t\t\t\t\t\t\t\t\t\t\t\t<span class=\"elementor-accordion-icon elementor-accordion-icon-left\" aria-hidden=\"true\">\n\t\t\t\t\t\t\t\t\t\t\t\t\t\t\t<span class=\"elementor-accordion-icon-closed\"><i class=\"fas fa-caret-down\"><\/i><\/span>\n\t\t\t\t\t\t\t\t<span class=\"elementor-accordion-icon-opened\"><i class=\"fas fa-minus\"><\/i><\/span>\n\t\t\t\t\t\t\t\t\t\t\t\t\t\t<\/span>\n\t\t\t\t\t\t\t\t\t\t\t\t<a class=\"elementor-accordion-title\" tabindex=\"0\">\"Soy Santa Cruz\" - Reconocimiento a la labor Ben\u00e9fica<\/a>\n\t\t\t\t\t<\/div>\n\t\t\t\t\t<div id=\"elementor-tab-content-2746\" class=\"elementor-tab-content elementor-clearfix\" data-tab=\"6\" role=\"region\" aria-labelledby=\"elementor-tab-title-2746\"><p><img loading=\"lazy\" decoding=\"async\" data-recalc-dims=\"1\" class=\"aligncenter wp-image-7776 size-full\" src=\"https:\/\/i0.wp.com\/gotitarojabolivia.org.bo\/wp-content\/uploads\/2023\/04\/quienesSomos-soysantacruz.jpg?resize=1000%2C423&#038;ssl=1\" alt=\"\" width=\"1000\" height=\"423\" srcset=\"https:\/\/i0.wp.com\/gotitarojabolivia.org.bo\/wp-content\/uploads\/2023\/04\/quienesSomos-soysantacruz.jpg?w=1000&amp;ssl=1 1000w, https:\/\/i0.wp.com\/gotitarojabolivia.org.bo\/wp-content\/uploads\/2023\/04\/quienesSomos-soysantacruz.jpg?resize=300%2C127&amp;ssl=1 300w, https:\/\/i0.wp.com\/gotitarojabolivia.org.bo\/wp-content\/uploads\/2023\/04\/quienesSomos-soysantacruz.jpg?resize=768%2C325&amp;ssl=1 768w, https:\/\/i0.wp.com\/gotitarojabolivia.org.bo\/wp-content\/uploads\/2023\/04\/quienesSomos-soysantacruz.jpg?resize=600%2C254&amp;ssl=1 600w\" sizes=\"auto, (max-width: 1000px) 100vw, 1000px\" \/><\/p><p>Es un verdadero orgullo que nuestro trabajo realizado con tanto cari\u00f1o sea reconocido.<\/p><p>Homenajes y reconocimientos camarales \u00abSoy Santa Cruz\u00bb. nos incluye entre los homenajeados, para las mam\u00e1s, voluntarias y amigos queridos es una verdadera alegr\u00eda y orgullo.<\/p><\/div>\n\t\t\t\t<\/div>\n\t\t\t\t\t\t\t<div class=\"elementor-accordion-item\">\n\t\t\t\t\t<div id=\"elementor-tab-title-2747\" class=\"elementor-tab-title\" data-tab=\"7\" role=\"button\" aria-controls=\"elementor-tab-content-2747\" aria-expanded=\"false\">\n\t\t\t\t\t\t\t\t\t\t\t\t\t<span class=\"elementor-accordion-icon elementor-accordion-icon-left\" aria-hidden=\"true\">\n\t\t\t\t\t\t\t\t\t\t\t\t\t\t\t<span class=\"elementor-accordion-icon-closed\"><i class=\"fas fa-caret-down\"><\/i><\/span>\n\t\t\t\t\t\t\t\t<span class=\"elementor-accordion-icon-opened\"><i class=\"fas fa-minus\"><\/i><\/span>\n\t\t\t\t\t\t\t\t\t\t\t\t\t\t<\/span>\n\t\t\t\t\t\t\t\t\t\t\t\t<a class=\"elementor-accordion-title\" tabindex=\"0\">Un poquito de nosotros en Suiza<\/a>\n\t\t\t\t\t<\/div>\n\t\t\t\t\t<div id=\"elementor-tab-content-2747\" class=\"elementor-tab-content elementor-clearfix\" data-tab=\"7\" role=\"region\" aria-labelledby=\"elementor-tab-title-2747\"><p>Grupos de Bolivianos en Suiza hacen un \u00abGran Uno\u00bb con Roter Tropfen fundadores de Gotita Roja.<\/p>\n<p>La uni\u00f3n siempre hace la fuerza, muy importante el aporte de nuestros Amigos residentes en Suiza, organizaron actividades emot\u00edvas en apoyo a los pacientes.<\/p>\n<p>Grupos de voluntarios Suizos nos han visitado y apoyado llevando una partecita de las mam\u00e1s a Suiza, en los eventos organizados en Suiza podr\u00e1s ver los productos de las mam\u00e1s.&nbsp; este a\u00f1o el calor humano y reencuentro han sido se suma importancia.<\/p>\n<p><\/p><\/div>\n\t\t\t\t<\/div>\n\t\t\t\t\t\t\t\t<\/div>\n\t\t\t\t<\/div>\n\t\t\t\t<\/div>\n\t\t\t\t<div class=\"elementor-element elementor-element-5216f0f elementor-widget elementor-widget-heading\" data-id=\"5216f0f\" data-element_type=\"widget\" data-widget_type=\"heading.default\">\n\t\t\t\t<div class=\"elementor-widget-container\">\n\t\t\t<h2 class=\"elementor-heading-title elementor-size-default\">2023<\/h2>\t\t<\/div>\n\t\t\t\t<\/div>\n\t\t\t\t<div class=\"elementor-element elementor-element-578558a elementor-widget elementor-widget-accordion\" data-id=\"578558a\" data-element_type=\"widget\" data-widget_type=\"accordion.default\">\n\t\t\t\t<div class=\"elementor-widget-container\">\n\t\t\t\t\t<div class=\"elementor-accordion\">\n\t\t\t\t\t\t\t<div class=\"elementor-accordion-item\">\n\t\t\t\t\t<div id=\"elementor-tab-title-9171\" class=\"elementor-tab-title\" data-tab=\"1\" role=\"button\" aria-controls=\"elementor-tab-content-9171\" aria-expanded=\"false\">\n\t\t\t\t\t\t\t\t\t\t\t\t\t<span class=\"elementor-accordion-icon elementor-accordion-icon-left\" aria-hidden=\"true\">\n\t\t\t\t\t\t\t\t\t\t\t\t\t\t\t<span class=\"elementor-accordion-icon-closed\"><i class=\"fas fa-plus\"><\/i><\/span>\n\t\t\t\t\t\t\t\t<span class=\"elementor-accordion-icon-opened\"><i class=\"fas fa-minus\"><\/i><\/span>\n\t\t\t\t\t\t\t\t\t\t\t\t\t\t<\/span>\n\t\t\t\t\t\t\t\t\t\t\t\t<a class=\"elementor-accordion-title\" tabindex=\"0\">Marcha por los ni\u00f1os del Oncol\u00f3gico<\/a>\n\t\t\t\t\t<\/div>\n\t\t\t\t\t<div id=\"elementor-tab-content-9171\" class=\"elementor-tab-content elementor-clearfix\" data-tab=\"1\" role=\"region\" aria-labelledby=\"elementor-tab-title-9171\"><p style=\"text-align: center;\"><img loading=\"lazy\" decoding=\"async\" data-recalc-dims=\"1\" class=\"alignnone size-medium wp-image-8899\" src=\"https:\/\/i0.wp.com\/gotitarojabolivia.org.bo\/wp-content\/uploads\/2024\/06\/WhatsApp-Image-2024-06-22-at-3.09.41-PM.jpeg?resize=225%2C300&#038;ssl=1\" alt=\"\" width=\"225\" height=\"300\" srcset=\"https:\/\/i0.wp.com\/gotitarojabolivia.org.bo\/wp-content\/uploads\/2024\/06\/WhatsApp-Image-2024-06-22-at-3.09.41-PM.jpeg?w=960&amp;ssl=1 960w, https:\/\/i0.wp.com\/gotitarojabolivia.org.bo\/wp-content\/uploads\/2024\/06\/WhatsApp-Image-2024-06-22-at-3.09.41-PM.jpeg?resize=225%2C300&amp;ssl=1 225w, https:\/\/i0.wp.com\/gotitarojabolivia.org.bo\/wp-content\/uploads\/2024\/06\/WhatsApp-Image-2024-06-22-at-3.09.41-PM.jpeg?resize=768%2C1024&amp;ssl=1 768w, https:\/\/i0.wp.com\/gotitarojabolivia.org.bo\/wp-content\/uploads\/2024\/06\/WhatsApp-Image-2024-06-22-at-3.09.41-PM.jpeg?resize=600%2C800&amp;ssl=1 600w\" sizes=\"auto, (max-width: 225px) 100vw, 225px\" \/> <img loading=\"lazy\" decoding=\"async\" data-recalc-dims=\"1\" class=\"size-medium wp-image-8900 alignleft\" src=\"https:\/\/i0.wp.com\/gotitarojabolivia.org.bo\/wp-content\/uploads\/2024\/06\/WhatsApp-Image-2024-06-22-at-3.09.40-PM.jpeg?resize=225%2C300&#038;ssl=1\" alt=\"\" width=\"225\" height=\"300\" srcset=\"https:\/\/i0.wp.com\/gotitarojabolivia.org.bo\/wp-content\/uploads\/2024\/06\/WhatsApp-Image-2024-06-22-at-3.09.40-PM.jpeg?w=768&amp;ssl=1 768w, https:\/\/i0.wp.com\/gotitarojabolivia.org.bo\/wp-content\/uploads\/2024\/06\/WhatsApp-Image-2024-06-22-at-3.09.40-PM.jpeg?resize=225%2C300&amp;ssl=1 225w, https:\/\/i0.wp.com\/gotitarojabolivia.org.bo\/wp-content\/uploads\/2024\/06\/WhatsApp-Image-2024-06-22-at-3.09.40-PM.jpeg?resize=600%2C800&amp;ssl=1 600w\" sizes=\"auto, (max-width: 225px) 100vw, 225px\" \/><\/p>\n<p><br><\/p><p>Todos los 15 de febrero, se conmemora el d\u00eda Internacional del C\u00e1ncer Infantil, Los pacientes de Pediatr\u00eda salen en marcha con el objetivo de recordar a la poblaci\u00f3n y autoridades, la existencia de la enfermedad en nuestro pa\u00eds, la necesidad urgente de medidas que apoyen a mejorar los hospitales, el tratamiento, mayor cantidad de profesionales y otras tantas necesidades.<\/p>\n<p>Gotita Roja, participo de esta actividad en apoyo a los pacientes.<\/p>\n<p><\/p><\/div>\n\t\t\t\t<\/div>\n\t\t\t\t\t\t\t<div class=\"elementor-accordion-item\">\n\t\t\t\t\t<div id=\"elementor-tab-title-9172\" class=\"elementor-tab-title\" data-tab=\"2\" role=\"button\" aria-controls=\"elementor-tab-content-9172\" aria-expanded=\"false\">\n\t\t\t\t\t\t\t\t\t\t\t\t\t<span class=\"elementor-accordion-icon elementor-accordion-icon-left\" aria-hidden=\"true\">\n\t\t\t\t\t\t\t\t\t\t\t\t\t\t\t<span class=\"elementor-accordion-icon-closed\"><i class=\"fas fa-plus\"><\/i><\/span>\n\t\t\t\t\t\t\t\t<span class=\"elementor-accordion-icon-opened\"><i class=\"fas fa-minus\"><\/i><\/span>\n\t\t\t\t\t\t\t\t\t\t\t\t\t\t<\/span>\n\t\t\t\t\t\t\t\t\t\t\t\t<a class=\"elementor-accordion-title\" tabindex=\"0\">Apoyo de las Empresas<\/a>\n\t\t\t\t\t<\/div>\n\t\t\t\t\t<div id=\"elementor-tab-content-9172\" class=\"elementor-tab-content elementor-clearfix\" data-tab=\"2\" role=\"region\" aria-labelledby=\"elementor-tab-title-9172\"><p>Sin la participaci\u00f3n de las Empresas Bolivianas y algunas Empresas extranjeras, el trabajo de Gotita Roja no seria posible, El A\u00f1o 2023, no has sido la excepci\u00f3n hemos recibido el apoyo de muchas empresas e Instituciones, ya sea invit\u00e1ndonos a feria, permiti\u00e9ndonos exponer en sus Instalaciones, empresas que han donado materiales, pero tambi\u00e9n recursos econ\u00f3micos,\u00a0<\/p><p>La participaci\u00f3n de tu comunidad y tu entorno es importante.<\/p><\/div>\n\t\t\t\t<\/div>\n\t\t\t\t\t\t\t<div class=\"elementor-accordion-item\">\n\t\t\t\t\t<div id=\"elementor-tab-title-9173\" class=\"elementor-tab-title\" data-tab=\"3\" role=\"button\" aria-controls=\"elementor-tab-content-9173\" aria-expanded=\"false\">\n\t\t\t\t\t\t\t\t\t\t\t\t\t<span class=\"elementor-accordion-icon elementor-accordion-icon-left\" aria-hidden=\"true\">\n\t\t\t\t\t\t\t\t\t\t\t\t\t\t\t<span class=\"elementor-accordion-icon-closed\"><i class=\"fas fa-plus\"><\/i><\/span>\n\t\t\t\t\t\t\t\t<span class=\"elementor-accordion-icon-opened\"><i class=\"fas fa-minus\"><\/i><\/span>\n\t\t\t\t\t\t\t\t\t\t\t\t\t\t<\/span>\n\t\t\t\t\t\t\t\t\t\t\t\t<a class=\"elementor-accordion-title\" tabindex=\"0\">Crecimiento de Gotita Roja en otros paises.<\/a>\n\t\t\t\t\t<\/div>\n\t\t\t\t\t<div id=\"elementor-tab-content-9173\" class=\"elementor-tab-content elementor-clearfix\" data-tab=\"3\" role=\"region\" aria-labelledby=\"elementor-tab-title-9173\"><p>Gotita Roja Suiza amplio su grupo de apoyo, creando Gotita Roja en Frances para Suiza habla francesa. Bolivianos que residen en este pa\u00eds, unidos en apoyo a los ni\u00f1os y pacientes adultos, realizan actividades dentro de sus comunidades generando donaciones que apoyan a los pacientes del oncol\u00f3gico, principalmente con medicamentos.<\/p><p>actividades como ferias, rifas, almuerzos o brunches han aportado gotita a gotita.\u00a0<\/p><\/div>\n\t\t\t\t<\/div>\n\t\t\t\t\t\t\t\t<\/div>\n\t\t\t\t<\/div>\n\t\t\t\t<\/div>\n\t\t\t\t\t<\/div>\n\t\t<\/div>\n\t\t\t\t\t\t\t<\/div>\n\t\t<\/section>\n\t\t\t\t<section class=\"elementor-section elementor-top-section elementor-element elementor-element-d476516 elementor-section-boxed elementor-section-height-default elementor-section-height-default\" data-id=\"d476516\" data-element_type=\"section\" data-settings=\"{&quot;background_background&quot;:&quot;classic&quot;}\">\n\t\t\t\t\t\t<div class=\"elementor-container elementor-column-gap-default\">\n\t\t\t\t\t<div class=\"elementor-column elementor-col-50 elementor-top-column elementor-element elementor-element-ac9836a\" data-id=\"ac9836a\" data-element_type=\"column\">\n\t\t\t<div class=\"elementor-widget-wrap elementor-element-populated\">\n\t\t\t\t\t\t\t\t<div class=\"elementor-element elementor-element-039f03d elementor-widget elementor-widget-image\" data-id=\"039f03d\" data-element_type=\"widget\" data-widget_type=\"image.default\">\n\t\t\t\t<div class=\"elementor-widget-container\">\n\t\t\t\t\t\t\t\t\t\t\t\t\t\t\t<img loading=\"lazy\" decoding=\"async\" width=\"819\" height=\"1024\" src=\"https:\/\/i0.wp.com\/gotitarojabolivia.org.bo\/wp-content\/uploads\/2023\/05\/DSC7504.jpg?fit=819%2C1024&amp;ssl=1\" class=\"attachment-large size-large wp-image-7864\" alt=\"\" srcset=\"https:\/\/i0.wp.com\/gotitarojabolivia.org.bo\/wp-content\/uploads\/2023\/05\/DSC7504.jpg?w=1080&amp;ssl=1 1080w, https:\/\/i0.wp.com\/gotitarojabolivia.org.bo\/wp-content\/uploads\/2023\/05\/DSC7504.jpg?resize=240%2C300&amp;ssl=1 240w, https:\/\/i0.wp.com\/gotitarojabolivia.org.bo\/wp-content\/uploads\/2023\/05\/DSC7504.jpg?resize=819%2C1024&amp;ssl=1 819w, https:\/\/i0.wp.com\/gotitarojabolivia.org.bo\/wp-content\/uploads\/2023\/05\/DSC7504.jpg?resize=768%2C960&amp;ssl=1 768w, https:\/\/i0.wp.com\/gotitarojabolivia.org.bo\/wp-content\/uploads\/2023\/05\/DSC7504.jpg?resize=600%2C750&amp;ssl=1 600w\" sizes=\"auto, (max-width: 819px) 100vw, 819px\" \/>\t\t\t\t\t\t\t\t\t\t\t\t\t\t\t<\/div>\n\t\t\t\t<\/div>\n\t\t\t\t\t<\/div>\n\t\t<\/div>\n\t\t\t\t<div class=\"elementor-column elementor-col-50 elementor-top-column elementor-element elementor-element-a8aff85\" data-id=\"a8aff85\" data-element_type=\"column\">\n\t\t\t<div class=\"elementor-widget-wrap elementor-element-populated\">\n\t\t\t\t\t\t\t\t<div class=\"elementor-element elementor-element-feee532 elementor-widget-divider--view-line elementor-widget elementor-widget-divider\" data-id=\"feee532\" data-element_type=\"widget\" data-widget_type=\"divider.default\">\n\t\t\t\t<div class=\"elementor-widget-container\">\n\t\t\t\t\t<div class=\"elementor-divider\">\n\t\t\t<span class=\"elementor-divider-separator\">\n\t\t\t\t\t\t<\/span>\n\t\t<\/div>\n\t\t\t\t<\/div>\n\t\t\t\t<\/div>\n\t\t\t\t<div class=\"elementor-element elementor-element-383bbd4 elementor-widget elementor-widget-heading\" data-id=\"383bbd4\" data-element_type=\"widget\" data-widget_type=\"heading.default\">\n\t\t\t\t<div class=\"elementor-widget-container\">\n\t\t\t<h2 class=\"elementor-heading-title elementor-size-default\">A\u00f1ade aqu\u00ed tu texto de cabecera<\/h2>\t\t<\/div>\n\t\t\t\t<\/div>\n\t\t\t\t<div class=\"elementor-element elementor-element-9bed290 elementor-widget elementor-widget-text-editor\" data-id=\"9bed290\" data-element_type=\"widget\" data-widget_type=\"text-editor.default\">\n\t\t\t\t<div class=\"elementor-widget-container\">\n\t\t\t\t\t\t\t<p style=\"text-align: right;\">DIRECTORIO ACTUAL<\/p><p style=\"text-align: right;\"><em>Ver\u00f3nica Medina Meneces &#8211; Presidente<\/em><br \/><em>Susana Pacheco Serrate &#8211; Vicepresidente y Relaciones Publicas<\/em><\/p><p style=\"text-align: right;\"><em>Mar\u00eda del Carmen Zamora &#8211; Coordinadora del Proyecto \u00abConstruyendo Sue\u00f1os\u00bb<\/em><br \/><em>Gina Molina Guti\u00e9rrez &#8211; Coordinadora de Ferias<\/em><br \/><em>Debbie Berndt &#8211; Coordinadora de los Miembros y Donantes<\/em><\/p>\t\t\t\t\t\t<\/div>\n\t\t\t\t<\/div>\n\t\t\t\t<div class=\"elementor-element elementor-element-a9b66c1 elementor-widget-divider--view-line elementor-widget elementor-widget-divider\" data-id=\"a9b66c1\" data-element_type=\"widget\" data-widget_type=\"divider.default\">\n\t\t\t\t<div class=\"elementor-widget-container\">\n\t\t\t\t\t<div class=\"elementor-divider\">\n\t\t\t<span class=\"elementor-divider-separator\">\n\t\t\t\t\t\t<\/span>\n\t\t<\/div>\n\t\t\t\t<\/div>\n\t\t\t\t<\/div>\n\t\t\t\t\t<\/div>\n\t\t<\/div>\n\t\t\t\t\t\t\t<\/div>\n\t\t<\/section>\n\t\t\t\t<section class=\"elementor-section elementor-top-section elementor-element elementor-element-550fd53d elementor-section-boxed elementor-section-height-default elementor-section-height-default\" data-id=\"550fd53d\" data-element_type=\"section\" data-settings=\"{&quot;background_background&quot;:&quot;classic&quot;}\">\n\t\t\t\t\t\t<div class=\"elementor-container elementor-column-gap-no\">\n\t\t\t\t\t<div class=\"elementor-column elementor-col-20 elementor-top-column elementor-element elementor-element-18cad5bb\" data-id=\"18cad5bb\" data-element_type=\"column\">\n\t\t\t<div class=\"elementor-widget-wrap elementor-element-populated\">\n\t\t\t\t\t\t\t\t<div class=\"elementor-element elementor-element-2246936f elementor-view-default elementor-widget elementor-widget-icon\" data-id=\"2246936f\" data-element_type=\"widget\" data-widget_type=\"icon.default\">\n\t\t\t\t<div class=\"elementor-widget-container\">\n\t\t\t\t\t<div class=\"elementor-icon-wrapper\">\n\t\t\t<a class=\"elementor-icon\" href=\"https:\/\/gotitarojabolivia.org.bo\/contacto\/\" target=\"_blank\">\n\t\t\t<i aria-hidden=\"true\" class=\"fas fa-map-marker-alt\"><\/i>\t\t\t<\/a>\n\t\t<\/div>\n\t\t\t\t<\/div>\n\t\t\t\t<\/div>\n\t\t\t\t<div class=\"elementor-element elementor-element-1eea80a6 elementor-widget elementor-widget-text-editor\" data-id=\"1eea80a6\" data-element_type=\"widget\" data-widget_type=\"text-editor.default\">\n\t\t\t\t<div class=\"elementor-widget-container\">\n\t\t\t\t\t\t\t<p>Santa Cruz &#8211; Bolivia<\/p>\t\t\t\t\t\t<\/div>\n\t\t\t\t<\/div>\n\t\t\t\t\t<\/div>\n\t\t<\/div>\n\t\t\t\t<div class=\"elementor-column elementor-col-20 elementor-top-column elementor-element elementor-element-50259af5\" data-id=\"50259af5\" data-element_type=\"column\">\n\t\t\t<div class=\"elementor-widget-wrap elementor-element-populated\">\n\t\t\t\t\t\t\t\t<div class=\"elementor-element elementor-element-579aea8 elementor-view-default elementor-widget elementor-widget-icon\" data-id=\"579aea8\" data-element_type=\"widget\" data-widget_type=\"icon.default\">\n\t\t\t\t<div class=\"elementor-widget-container\">\n\t\t\t\t\t<div class=\"elementor-icon-wrapper\">\n\t\t\t<a class=\"elementor-icon\" href=\"mailto:gotitarojabolivia@hotmail.com\" target=\"_blank\">\n\t\t\t<i aria-hidden=\"true\" class=\"fas fa-envelope\"><\/i>\t\t\t<\/a>\n\t\t<\/div>\n\t\t\t\t<\/div>\n\t\t\t\t<\/div>\n\t\t\t\t<div class=\"elementor-element elementor-element-38eec1cd elementor-widget elementor-widget-text-editor\" data-id=\"38eec1cd\" data-element_type=\"widget\" data-widget_type=\"text-editor.default\">\n\t\t\t\t<div class=\"elementor-widget-container\">\n\t\t\t\t\t\t\t<p>gotitarojabolivia@hotmail.com<\/p>\t\t\t\t\t\t<\/div>\n\t\t\t\t<\/div>\n\t\t\t\t\t<\/div>\n\t\t<\/div>\n\t\t\t\t<div class=\"elementor-column elementor-col-20 elementor-top-column elementor-element elementor-element-3c8f7c16\" data-id=\"3c8f7c16\" data-element_type=\"column\">\n\t\t\t<div class=\"elementor-widget-wrap elementor-element-populated\">\n\t\t\t\t\t\t\t\t<div class=\"elementor-element elementor-element-10bb3fa2 elementor-view-default elementor-widget elementor-widget-icon\" data-id=\"10bb3fa2\" data-element_type=\"widget\" data-widget_type=\"icon.default\">\n\t\t\t\t<div class=\"elementor-widget-container\">\n\t\t\t\t\t<div class=\"elementor-icon-wrapper\">\n\t\t\t<a class=\"elementor-icon\" href=\"https:\/\/www.facebook.com\/gotitarojabolivia\/\" target=\"_blank\">\n\t\t\t<i aria-hidden=\"true\" class=\"fab fa-facebook-square\"><\/i>\t\t\t<\/a>\n\t\t<\/div>\n\t\t\t\t<\/div>\n\t\t\t\t<\/div>\n\t\t\t\t<div class=\"elementor-element elementor-element-5a8d372b elementor-widget elementor-widget-text-editor\" data-id=\"5a8d372b\" data-element_type=\"widget\" data-widget_type=\"text-editor.default\">\n\t\t\t\t<div class=\"elementor-widget-container\">\n\t\t\t\t\t\t\t<p>facebook\/gotitarojabolivia\/<\/p>\t\t\t\t\t\t<\/div>\n\t\t\t\t<\/div>\n\t\t\t\t\t<\/div>\n\t\t<\/div>\n\t\t\t\t<div class=\"elementor-column elementor-col-20 elementor-top-column elementor-element elementor-element-40ba5340\" data-id=\"40ba5340\" data-element_type=\"column\">\n\t\t\t<div class=\"elementor-widget-wrap elementor-element-populated\">\n\t\t\t\t\t\t\t\t<div class=\"elementor-element elementor-element-5835ac10 elementor-view-default elementor-widget elementor-widget-icon\" data-id=\"5835ac10\" data-element_type=\"widget\" data-widget_type=\"icon.default\">\n\t\t\t\t<div class=\"elementor-widget-container\">\n\t\t\t\t\t<div class=\"elementor-icon-wrapper\">\n\t\t\t<a class=\"elementor-icon\" href=\"https:\/\/www.instagram.com\/gotitaroja\/\" target=\"_blank\">\n\t\t\t<i aria-hidden=\"true\" class=\"fab fa-instagram\"><\/i>\t\t\t<\/a>\n\t\t<\/div>\n\t\t\t\t<\/div>\n\t\t\t\t<\/div>\n\t\t\t\t<div class=\"elementor-element elementor-element-5d6aa3d0 elementor-widget elementor-widget-text-editor\" data-id=\"5d6aa3d0\" data-element_type=\"widget\" data-widget_type=\"text-editor.default\">\n\t\t\t\t<div class=\"elementor-widget-container\">\n\t\t\t\t\t\t\t<p>instagram\/gotitaroja\/<\/p>\t\t\t\t\t\t<\/div>\n\t\t\t\t<\/div>\n\t\t\t\t\t<\/div>\n\t\t<\/div>\n\t\t\t\t<div class=\"elementor-column elementor-col-20 elementor-top-column elementor-element elementor-element-f0ad1c8\" data-id=\"f0ad1c8\" data-element_type=\"column\" data-settings=\"{&quot;background_background&quot;:&quot;classic&quot;}\">\n\t\t\t<div class=\"elementor-widget-wrap elementor-element-populated\">\n\t\t\t\t\t\t\t\t<div class=\"elementor-element elementor-element-584d888d elementor-mobile-align-center elementor-icon-list--layout-traditional elementor-list-item-link-full_width elementor-widget elementor-widget-icon-list\" data-id=\"584d888d\" data-element_type=\"widget\" data-widget_type=\"icon-list.default\">\n\t\t\t\t<div class=\"elementor-widget-container\">\n\t\t\t\t\t<ul class=\"elementor-icon-list-items\">\n\t\t\t\t\t\t\t<li class=\"elementor-icon-list-item\">\n\t\t\t\t\t\t\t\t\t\t\t<a href=\"https:\/\/wa.me\/59177051111\" target=\"_blank\">\n\n\t\t\t\t\t\t\t\t\t\t\t\t<span class=\"elementor-icon-list-icon\">\n\t\t\t\t\t\t\t<i aria-hidden=\"true\" class=\"fab fa-whatsapp\"><\/i>\t\t\t\t\t\t<\/span>\n\t\t\t\t\t\t\t\t\t\t<span class=\"elementor-icon-list-text\">Consultas: 591-77051111<\/span>\n\t\t\t\t\t\t\t\t\t\t\t<\/a>\n\t\t\t\t\t\t\t\t\t<\/li>\n\t\t\t\t\t\t\t\t<li class=\"elementor-icon-list-item\">\n\t\t\t\t\t\t\t\t\t\t\t<a href=\"https:\/\/wa.me\/59177023811\" target=\"_blank\">\n\n\t\t\t\t\t\t\t\t\t\t\t\t<span class=\"elementor-icon-list-icon\">\n\t\t\t\t\t\t\t<i aria-hidden=\"true\" class=\"fab fa-whatsapp\"><\/i>\t\t\t\t\t\t<\/span>\n\t\t\t\t\t\t\t\t\t\t<span class=\"elementor-icon-list-text\">Donaciones: 591-77023811<\/span>\n\t\t\t\t\t\t\t\t\t\t\t<\/a>\n\t\t\t\t\t\t\t\t\t<\/li>\n\t\t\t\t\t\t\t\t<li class=\"elementor-icon-list-item\">\n\t\t\t\t\t\t\t\t\t\t\t<a href=\"https:\/\/wa.me\/59177039411\" target=\"_blank\">\n\n\t\t\t\t\t\t\t\t\t\t\t\t<span class=\"elementor-icon-list-icon\">\n\t\t\t\t\t\t\t<i aria-hidden=\"true\" class=\"fab fa-whatsapp\"><\/i>\t\t\t\t\t\t<\/span>\n\t\t\t\t\t\t\t\t\t\t<span class=\"elementor-icon-list-text\">Membres\u00edas: 591-77039411<\/span>\n\t\t\t\t\t\t\t\t\t\t\t<\/a>\n\t\t\t\t\t\t\t\t\t<\/li>\n\t\t\t\t\t\t\t\t<li class=\"elementor-icon-list-item\">\n\t\t\t\t\t\t\t\t\t\t\t<a href=\"https:\/\/wa.me\/59177089303\" target=\"_blank\">\n\n\t\t\t\t\t\t\t\t\t\t\t\t<span class=\"elementor-icon-list-icon\">\n\t\t\t\t\t\t\t<i aria-hidden=\"true\" class=\"fab fa-whatsapp\"><\/i>\t\t\t\t\t\t<\/span>\n\t\t\t\t\t\t\t\t\t\t<span class=\"elementor-icon-list-text\">Proy. Construyendo Sue\u00f1os: 591-77089303<\/span>\n\t\t\t\t\t\t\t\t\t\t\t<\/a>\n\t\t\t\t\t\t\t\t\t<\/li>\n\t\t\t\t\t\t<\/ul>\n\t\t\t\t<\/div>\n\t\t\t\t<\/div>\n\t\t\t\t\t<\/div>\n\t\t<\/div>\n\t\t\t\t\t\t\t<\/div>\n\t\t<\/section>\n\t\t\t\t<section class=\"elementor-section elementor-top-section elementor-element elementor-element-f9d942c elementor-section-boxed elementor-section-height-default elementor-section-height-default\" data-id=\"f9d942c\" data-element_type=\"section\">\n\t\t\t\t\t\t<div class=\"elementor-container elementor-column-gap-default\">\n\t\t\t\t\t<div class=\"elementor-column elementor-col-100 elementor-top-column elementor-element elementor-element-58db35a\" data-id=\"58db35a\" data-element_type=\"column\">\n\t\t\t<div class=\"elementor-widget-wrap elementor-element-populated\">\n\t\t\t\t\t\t\t\t<div class=\"elementor-element elementor-element-0632bf1 elementor-widget elementor-widget-image\" data-id=\"0632bf1\" data-element_type=\"widget\" data-widget_type=\"image.default\">\n\t\t\t\t<div class=\"elementor-widget-container\">\n\t\t\t\t\t\t\t\t\t\t\t\t\t\t\t<img data-recalc-dims=\"1\" decoding=\"async\" src=\"https:\/\/i0.wp.com\/gotitarojabolivia.org.bo\/wp-content\/plugins\/elementor\/assets\/images\/placeholder.png?w=1200&#038;ssl=1\" title=\"\" alt=\"\" loading=\"lazy\" \/>\t\t\t\t\t\t\t\t\t\t\t\t\t\t\t<\/div>\n\t\t\t\t<\/div>\n\t\t\t\t\t<\/div>\n\t\t<\/div>\n\t\t\t\t\t\t\t<\/div>\n\t\t<\/section>\n\t\t\t\t\t\t\t<\/div>\n\t\t","protected":false},"excerpt":{"rendered":"<p>Familia Gotita Roja DONAR \u00bfQui\u00e9nes Somos? Gotita Roja-Bolivia es una asociaci\u00f3n ben\u00e9fica, sin fines de lucro, que act\u00faa desde 2010, apoyando las necesidades que tienen los pacientes del Instituto Oncol\u00f3gico del Oriente Boliviano (*)\u00a0 en la ciudad de Santa Cruz. El\u00a0 elevado costo que tiene el tratamiento contra el\u00a0 c\u00e1ncer, la falta de seguros sociales&hellip;&nbsp;<a href=\"https:\/\/gotitarojabolivia.org.bo\/?page_id=92\" class=\"\" rel=\"bookmark\">Leer m\u00e1s &raquo;<span class=\"screen-reader-text\">Qui\u00e9nes Somos<\/span><\/a><\/p>\n","protected":false},"author":1,"featured_media":0,"parent":0,"menu_order":0,"comment_status":"closed","ping_status":"closed","template":"page-templates\/template-pagebuilder-full-width.php","meta":{"_mi_skip_tracking":false,"neve_meta_sidebar":"full-width","neve_meta_container":"","neve_meta_enable_content_width":"off","neve_meta_content_width":0,"neve_meta_title_alignment":"","neve_meta_author_avatar":"","neve_post_elements_order":"","neve_meta_disable_header":"","neve_meta_disable_footer":"","neve_meta_disable_title":"on","_themeisle_gutenberg_block_has_review":false,"_ti_tpc_template_sync":false,"_ti_tpc_template_id":"","footnotes":""},"class_list":["post-92","page","type-page","status-publish","hentry"],"jetpack_sharing_enabled":true,"_links":{"self":[{"href":"https:\/\/gotitarojabolivia.org.bo\/index.php?rest_route=\/wp\/v2\/pages\/92","targetHints":{"allow":["GET"]}}],"collection":[{"href":"https:\/\/gotitarojabolivia.org.bo\/index.php?rest_route=\/wp\/v2\/pages"}],"about":[{"href":"https:\/\/gotitarojabolivia.org.bo\/index.php?rest_route=\/wp\/v2\/types\/page"}],"author":[{"embeddable":true,"href":"https:\/\/gotitarojabolivia.org.bo\/index.php?rest_route=\/wp\/v2\/users\/1"}],"replies":[{"embeddable":true,"href":"https:\/\/gotitarojabolivia.org.bo\/index.php?rest_route=%2Fwp%2Fv2%2Fcomments&post=92"}],"version-history":[{"count":136,"href":"https:\/\/gotitarojabolivia.org.bo\/index.php?rest_route=\/wp\/v2\/pages\/92\/revisions"}],"predecessor-version":[{"id":8906,"href":"https:\/\/gotitarojabolivia.org.bo\/index.php?rest_route=\/wp\/v2\/pages\/92\/revisions\/8906"}],"wp:attachment":[{"href":"https:\/\/gotitarojabolivia.org.bo\/index.php?rest_route=%2Fwp%2Fv2%2Fmedia&parent=92"}],"curies":[{"name":"wp","href":"https:\/\/api.w.org\/{rel}","templated":true}]}}